{"id":7285,"date":"2023-08-24T04:19:04","date_gmt":"2023-08-24T04:19:04","guid":{"rendered":"http:\/\/localhost\/test-import\/?page_id=7285"},"modified":"2025-10-27T17:16:12","modified_gmt":"2025-10-27T20:16:12","slug":"home-modern-saas","status":"publish","type":"page","link":"https:\/\/cartaamazonia.com.br\/carta-maps-cop30\/","title":{"rendered":"P\u00e1gina Principal"},"content":{"rendered":"\t\t<div data-elementor-type=\"wp-page\" data-elementor-id=\"7285\" class=\"elementor elementor-7285\" data-elementor-post-type=\"page\">\n\t\t\t\t<div class=\"elementor-element elementor-element-3de0d8e e-con-full elementor-hidden-desktop elementor-hidden-tablet e-flex e-con e-parent\" data-id=\"3de0d8e\" data-element_type=\"container\">\n\t\t\t\t<div class=\"elementor-element elementor-element-d87901b exad-sticky-section-no exad-glass-effect-no elementor-widget elementor-widget-slider_revolution\" data-id=\"d87901b\" data-element_type=\"widget\" data-widget_type=\"slider_revolution.default\">\n\t\t\t\t\t\n\t\t<div class=\"wp-block-themepunch-revslider\">\n\t\t\t\t<p class=\"rs-p-wp-fix\"><\/p>\n\t\t\t\t<sr7-module data-alias=\"slider-desktop-1333\" data-id=\"2\" id=\"SR7_2_1\" class=\"rs-ov-hidden\" data-version=\"6.7.28\">\n\t\t\t\t\t<sr7-adjuster><\/sr7-adjuster>\n\t\t\t\t\t<sr7-content>\n\t\t\t\t\t\t<sr7-slide id=\"SR7_2_1-3STR1\" data-key=\"3STR1\">\n\t\t\t\t\t\t\t<sr7-txt id=\"SR7_2_1-3STR1-1\" class=\"sr7-layer\">Mapa do \"Rock Doido\":  O guia da boemia de Bel\u00e9m<\/sr7-txt>\n\t\t\t\t\t\t\t<a id=\"SR7_2_1-3STR1-2\" class=\"sr7-layer\" href=\"https:\/\/cartaamazonia.com.br\/carta-maps-cop30\/2026\/01\/22\/mapa-do-rock-doido-de-belem-o-mapa-da-noite-de-belem\/\" target=\"_self\">Continuar lendo<\/a>\n\t\t\t\t\t\t<\/sr7-slide>\n\t\t\t\t\t\t<sr7-slide id=\"SR7_2_1-3STR2\" data-key=\"3STR2\">\n\t\t\t\t\t\t\t<sr7-txt id=\"SR7_2_1-3STR2-1\" class=\"sr7-layer\">COP30 al\u00e9m dos espa\u00e7os oficiais: confira o mapa das mobiliza\u00e7\u00f5es clim\u00e1ticas pelas ruas de Bel\u00e9m<\/sr7-txt>\n\t\t\t\t\t\t\t<a id=\"SR7_2_1-3STR2-2\" class=\"sr7-layer\" href=\"https:\/\/cartaamazonia.com.br\/carta-maps-cop30\/2025\/11\/21\/cop30-alem-dos-espacos-oficiais-confira-o-mapa-das-mobilizacoes-pelas-ruas-de-belem\/\" target=\"_self\">Continuar lendo<\/a>\n\t\t\t\t\t\t<\/sr7-slide>\n\t\t\t\t\t\t<sr7-slide id=\"SR7_2_1-3STR3\" data-key=\"3STR3\">\n\t\t\t\t\t\t\t<sr7-txt id=\"SR7_2_1-3STR3-1\" class=\"sr7-layer\">Mapas das Unidades de Sa\u00fade P\u00fablica na COP30: de UBS aos ambulat\u00f3rios itinerantes<\/sr7-txt>\n\t\t\t\t\t\t\t<a id=\"SR7_2_1-3STR3-2\" class=\"sr7-layer\" href=\"https:\/\/cartaamazonia.com.br\/carta-maps-cop30\/2025\/11\/10\/mapas-das-unidades-de-saude-publica-na-cop30-de-ubs-aos-postos-de-atendimento-intinerante\/\" target=\"_self\">Continuar lendo<\/a>\n\t\t\t\t\t\t<\/sr7-slide>\n\t\t\t\t\t\t<sr7-slide id=\"SR7_2_1-3STR4\" data-key=\"3STR4\">\n\t\t\t\t\t\t\t<sr7-txt id=\"SR7_2_1-3STR4-1\" class=\"sr7-layer\">COP30: Confira mapas e rotas de acesso aos espa\u00e7os oficiais da confer\u00eancia<\/sr7-txt>\n\t\t\t\t\t\t\t<a id=\"SR7_2_1-3STR4-2\" class=\"sr7-layer\" href=\"https:\/\/cartaamazonia.com.br\/carta-maps-cop30\/2025\/10\/26\/cop30-confira-mapas-e-rotas-de-acesso-aos-espacos-oficiais-da-conferencia\/\" target=\"_self\">Continuar lendo<\/a>\n\t\t\t\t\t\t<\/sr7-slide>\n\t\t\t\t\t\t<sr7-slide id=\"SR7_2_1-4\" data-key=\"4\">\n\t\t\t\t\t\t<\/sr7-slide>\n\t\t\t\t\t<\/sr7-content>\n\t\t\t\t\t<image_lists style=\"display:none\">\n\t\t\t\t\t\t<img data-src=\"\/\/cartaamazonia.com.br\/carta-maps-cop30\/wp-content\/uploads\/revslider\/slider-5\/20250216162152-GC00064596-F00223593.webp\" data-libid=\"7683\" data-lib=\"medialibrary\" title=\"20250216162152-GC00064596-F00223593.webp\" width=\"0\" height=\"0\" data-dbsrc=\"Ly9jYXJ0YWFtYXpvbmlhLmNvbS5ici9jYXJ0YS1tYXBzLWNvcDMwL3dwLWNvbnRlbnQvdXBsb2Fkcy9yZXZzbGlkZXIvc2xpZGVyLTUvMjAyNTAyMTYxNjIxNTItR0MwMDA2NDU5Ni1GMDAyMjM1OTMud2VicA==\"\/>\n\t\t\t\t\t\t<img data-src=\"\/\/cartaamazonia.com.br\/carta-maps-cop30\/wp-content\/uploads\/2026\/01\/Mapa-do-Rock-Doido-Carta-Maps-1.png\" width=\"0\" height=\"0\" data-dbsrc=\"Ly9jYXJ0YWFtYXpvbmlhLmNvbS5ici9jYXJ0YS1tYXBzLWNvcDMwL3dwLWNvbnRlbnQvdXBsb2Fkcy8yMDI2LzAxL01hcGEtZG8tUm9jay1Eb2lkby1DYXJ0YS1NYXBzLTEucG5n\"\/>\n\t\t\t\t\t\t<img data-src=\"\/\/cartaamazonia.com.br\/carta-maps-cop30\/wp-content\/uploads\/2025\/11\/Screenshot-2025-11-21-172509.png\" width=\"0\" height=\"0\" data-dbsrc=\"Ly9jYXJ0YWFtYXpvbmlhLmNvbS5ici9jYXJ0YS1tYXBzLWNvcDMwL3dwLWNvbnRlbnQvdXBsb2Fkcy8yMDI1LzExL1NjcmVlbnNob3QtMjAyNS0xMS0yMS0xNzI1MDkucG5n\"\/>\n\t\t\t\t\t\t<img loading=\"lazy\" data-src=\"\/\/cartaamazonia.com.br\/carta-maps-cop30\/wp-content\/uploads\/2025\/11\/Screenshot-2025-11-10-080451.png\" width=\"0\" height=\"0\" data-dbsrc=\"Ly9jYXJ0YWFtYXpvbmlhLmNvbS5ici9jYXJ0YS1tYXBzLWNvcDMwL3dwLWNvbnRlbnQvdXBsb2Fkcy8yMDI1LzExL1NjcmVlbnNob3QtMjAyNS0xMS0xMC0wODA0NTEucG5n\"\/>\n\t\t\t\t\t\t<img loading=\"lazy\" data-src=\"\/\/cartaamazonia.com.br\/carta-maps-cop30\/wp-content\/uploads\/2025\/10\/Screenshot-2025-10-27-112623.png\" width=\"0\" height=\"0\" data-dbsrc=\"Ly9jYXJ0YWFtYXpvbmlhLmNvbS5ici9jYXJ0YS1tYXBzLWNvcDMwL3dwLWNvbnRlbnQvdXBsb2Fkcy8yMDI1LzEwL1NjcmVlbnNob3QtMjAyNS0xMC0yNy0xMTI2MjMucG5n\"\/>\n\t\t\t\t\t<\/image_lists>\n\t\t\t\t<\/sr7-module>\n\t\t\t\t<script>\n\t\t\t\t\tSR7.PMH ??={}; SR7.PMH[\"SR7_2_1\"] = {cn:100,state:false,fn: function() { if (_tpt!==undefined && _tpt.prepareModuleHeight !== undefined) {  _tpt.prepareModuleHeight({id:\"SR7_2_1\",el:[825.998,825.998,825.998,825.998,400],type:'standard',shdw:'0',gh:[826,826,826,826,400],gw:[1240,1240,1240,1240,480],vpt:['-100px&#039;,&#039;-100px&#039;,&#039;-100px&#039;,&#039;-100px&#039;,&#039;-100px'],size:{fullWidth:true, fullHeight:false},mh:'0',onh:0,onw:0,bg:{color:'{\"orig\":\"transparent\",\"type\":\"solid\",\"string\":\"transparent\"}'}});   SR7.PMH[\"SR7_2_1\"].state=true;} else if(SR7.PMH[\"SR7_2_1\"].cn-->0)\tsetTimeout( SR7.PMH[\"SR7_2_1\"].fn,19);}};SR7.PMH[\"SR7_2_1\" ].fn();\n\t\t\t\t<\/script>\n<\/div>\n\n\t\t\t\t\t\t<\/div>\n\t\t\t\t<\/div>\n\t\t<div class=\"elementor-element elementor-element-6314cf7 elementor-hidden-mobile e-con-full e-flex e-con e-parent\" data-id=\"6314cf7\" data-element_type=\"container\">\n\t\t\t\t<div class=\"elementor-element elementor-element-9587fef exad-sticky-section-no exad-glass-effect-no elementor-widget elementor-widget-slider_revolution\" data-id=\"9587fef\" data-element_type=\"widget\" data-widget_type=\"slider_revolution.default\">\n\t\t\t\t\t\n\t\t<div class=\"wp-block-themepunch-revslider\">\n\t\t\t\t<p class=\"rs-p-wp-fix\"><\/p>\n\t\t\t\t<sr7-module data-alias=\"slider-5\" data-id=\"1\" id=\"SR7_1_2\" class=\"rs-ov-hidden\" data-version=\"6.7.28\">\n\t\t\t\t\t<sr7-adjuster><\/sr7-adjuster>\n\t\t\t\t\t<sr7-content>\n\t\t\t\t\t\t<sr7-slide id=\"SR7_1_2-1STR1\" data-key=\"1STR1\">\n\t\t\t\t\t\t\t<sr7-txt id=\"SR7_1_2-1STR1-1\" class=\"sr7-layer\">Mapa do \"Rock Doido\":  O guia da boemia de Bel\u00e9m<\/sr7-txt>\n\t\t\t\t\t\t\t<a id=\"SR7_1_2-1STR1-2\" class=\"sr7-layer\" href=\"https:\/\/cartaamazonia.com.br\/carta-maps-cop30\/2026\/01\/22\/mapa-do-rock-doido-de-belem-o-mapa-da-noite-de-belem\/\" target=\"_self\">Continuar lendo<\/a>\n\t\t\t\t\t\t<\/sr7-slide>\n\t\t\t\t\t\t<sr7-slide id=\"SR7_1_2-1STR2\" data-key=\"1STR2\">\n\t\t\t\t\t\t\t<sr7-txt id=\"SR7_1_2-1STR2-1\" class=\"sr7-layer\">COP30 al\u00e9m dos espa\u00e7os oficiais: confira o mapa das mobiliza\u00e7\u00f5es clim\u00e1ticas pelas ruas de Bel\u00e9m<\/sr7-txt>\n\t\t\t\t\t\t\t<a id=\"SR7_1_2-1STR2-2\" class=\"sr7-layer\" href=\"https:\/\/cartaamazonia.com.br\/carta-maps-cop30\/2025\/11\/21\/cop30-alem-dos-espacos-oficiais-confira-o-mapa-das-mobilizacoes-pelas-ruas-de-belem\/\" target=\"_self\">Continuar lendo<\/a>\n\t\t\t\t\t\t<\/sr7-slide>\n\t\t\t\t\t\t<sr7-slide id=\"SR7_1_2-1STR3\" data-key=\"1STR3\">\n\t\t\t\t\t\t\t<sr7-txt id=\"SR7_1_2-1STR3-1\" class=\"sr7-layer\">Mapas das Unidades de Sa\u00fade P\u00fablica na COP30: de UBS aos ambulat\u00f3rios itinerantes<\/sr7-txt>\n\t\t\t\t\t\t\t<a id=\"SR7_1_2-1STR3-2\" class=\"sr7-layer\" href=\"https:\/\/cartaamazonia.com.br\/carta-maps-cop30\/2025\/11\/10\/mapas-das-unidades-de-saude-publica-na-cop30-de-ubs-aos-postos-de-atendimento-intinerante\/\" target=\"_self\">Continuar lendo<\/a>\n\t\t\t\t\t\t<\/sr7-slide>\n\t\t\t\t\t\t<sr7-slide id=\"SR7_1_2-1STR4\" data-key=\"1STR4\">\n\t\t\t\t\t\t\t<sr7-txt id=\"SR7_1_2-1STR4-1\" class=\"sr7-layer\">COP30: Confira mapas e rotas de acesso aos espa\u00e7os oficiais da confer\u00eancia<\/sr7-txt>\n\t\t\t\t\t\t\t<a id=\"SR7_1_2-1STR4-2\" class=\"sr7-layer\" href=\"https:\/\/cartaamazonia.com.br\/carta-maps-cop30\/2025\/10\/26\/cop30-confira-mapas-e-rotas-de-acesso-aos-espacos-oficiais-da-conferencia\/\" target=\"_self\">Continuar lendo<\/a>\n\t\t\t\t\t\t<\/sr7-slide>\n\t\t\t\t\t\t<sr7-slide id=\"SR7_1_2-2\" data-key=\"2\">\n\t\t\t\t\t\t<\/sr7-slide>\n\t\t\t\t\t<\/sr7-content>\n\t\t\t\t\t<image_lists style=\"display:none\">\n\t\t\t\t\t\t<img data-src=\"\/\/cartaamazonia.com.br\/carta-maps-cop30\/wp-content\/uploads\/revslider\/slider-5\/20250216162152-GC00064596-F00223593.webp\" data-libid=\"7683\" data-lib=\"medialibrary\" title=\"20250216162152-GC00064596-F00223593.webp\" width=\"0\" height=\"0\" data-dbsrc=\"Ly9jYXJ0YWFtYXpvbmlhLmNvbS5ici9jYXJ0YS1tYXBzLWNvcDMwL3dwLWNvbnRlbnQvdXBsb2Fkcy9yZXZzbGlkZXIvc2xpZGVyLTUvMjAyNTAyMTYxNjIxNTItR0MwMDA2NDU5Ni1GMDAyMjM1OTMud2VicA==\"\/>\n\t\t\t\t\t\t<img data-src=\"\/\/cartaamazonia.com.br\/carta-maps-cop30\/wp-content\/uploads\/2026\/01\/Mapa-do-Rock-Doido-Carta-Maps-1.png\" width=\"0\" height=\"0\" data-dbsrc=\"Ly9jYXJ0YWFtYXpvbmlhLmNvbS5ici9jYXJ0YS1tYXBzLWNvcDMwL3dwLWNvbnRlbnQvdXBsb2Fkcy8yMDI2LzAxL01hcGEtZG8tUm9jay1Eb2lkby1DYXJ0YS1NYXBzLTEucG5n\"\/>\n\t\t\t\t\t\t<img data-src=\"\/\/cartaamazonia.com.br\/carta-maps-cop30\/wp-content\/uploads\/2025\/11\/Screenshot-2025-11-21-172509.png\" width=\"0\" height=\"0\" data-dbsrc=\"Ly9jYXJ0YWFtYXpvbmlhLmNvbS5ici9jYXJ0YS1tYXBzLWNvcDMwL3dwLWNvbnRlbnQvdXBsb2Fkcy8yMDI1LzExL1NjcmVlbnNob3QtMjAyNS0xMS0yMS0xNzI1MDkucG5n\"\/>\n\t\t\t\t\t\t<img loading=\"lazy\" data-src=\"\/\/cartaamazonia.com.br\/carta-maps-cop30\/wp-content\/uploads\/2025\/11\/Screenshot-2025-11-10-080451.png\" width=\"0\" height=\"0\" data-dbsrc=\"Ly9jYXJ0YWFtYXpvbmlhLmNvbS5ici9jYXJ0YS1tYXBzLWNvcDMwL3dwLWNvbnRlbnQvdXBsb2Fkcy8yMDI1LzExL1NjcmVlbnNob3QtMjAyNS0xMS0xMC0wODA0NTEucG5n\"\/>\n\t\t\t\t\t\t<img loading=\"lazy\" data-src=\"\/\/cartaamazonia.com.br\/carta-maps-cop30\/wp-content\/uploads\/2025\/10\/Screenshot-2025-10-27-112623.png\" width=\"0\" height=\"0\" data-dbsrc=\"Ly9jYXJ0YWFtYXpvbmlhLmNvbS5ici9jYXJ0YS1tYXBzLWNvcDMwL3dwLWNvbnRlbnQvdXBsb2Fkcy8yMDI1LzEwL1NjcmVlbnNob3QtMjAyNS0xMC0yNy0xMTI2MjMucG5n\"\/>\n\t\t\t\t\t<\/image_lists>\n\t\t\t\t<\/sr7-module>\n\t\t\t\t<script>\n\t\t\t\t\tSR7.PMH ??={}; SR7.PMH[\"SR7_1_2\"] = {cn:100,state:false,fn: function() { if (_tpt!==undefined && _tpt.prepareModuleHeight !== undefined) {  _tpt.prepareModuleHeight({id:\"SR7_1_2\",el:[520,520,768,960,720],type:'standard',shdw:'0',gh:[520,520,429,326,201],gw:[1240,1240,1024,778,480],vpt:['-100px'],size:{fullWidth:true, fullHeight:false},mh:'0',onh:0,onw:0,bg:{color:'{\"orig\":\"transparent\",\"type\":\"solid\",\"string\":\"transparent\"}'}});   SR7.PMH[\"SR7_1_2\"].state=true;} else if(SR7.PMH[\"SR7_1_2\"].cn-->0)\tsetTimeout( SR7.PMH[\"SR7_1_2\"].fn,19);}};SR7.PMH[\"SR7_1_2\" ].fn();\n\t\t\t\t<\/script>\n<\/div>\n\n\t\t\t\t\t\t<\/div>\n\t\t\t\t<\/div>\n\t\t<div class=\"elementor-element elementor-element-4fdb7661 e-flex e-con-boxed e-con e-parent\" data-id=\"4fdb7661\" data-element_type=\"container\">\n\t\t\t\t\t<div class=\"e-con-inner\">\n\t\t<div class=\"elementor-element elementor-element-54a652a3 e-con-full e-flex e-con e-child\" data-id=\"54a652a3\" data-element_type=\"container\">\n\t\t\t\t<div class=\"elementor-element elementor-element-7f01777 exad-sticky-section-no exad-glass-effect-no elementor-widget elementor-widget-heading\" data-id=\"7f01777\" data-element_type=\"widget\" data-widget_type=\"heading.default\">\n\t\t\t\t\t<h2 class=\"elementor-heading-title elementor-size-default\"><span style=\"color:#bac000\">USABILIDADE DO<\/span> <br><span style=\"color:#ac300e\">CARTA MAPS<\/span><\/h2>\t\t\t\t<\/div>\n\t\t\t\t<div class=\"elementor-element elementor-element-47317ed exad-sticky-section-no exad-glass-effect-no elementor-widget elementor-widget-heading\" data-id=\"47317ed\" data-element_type=\"widget\" data-widget_type=\"heading.default\">\n\t\t\t\t\t<h2 class=\"elementor-heading-title elementor-size-default\">5 passos sobre como usar a ferramenta digital de navega\u00e7\u00e3o:\n<\/h2>\t\t\t\t<\/div>\n\t\t\t\t<\/div>\n\t\t<div class=\"elementor-element elementor-element-7e83a4ab e-con-full e-flex e-con e-child\" data-id=\"7e83a4ab\" data-element_type=\"container\">\n\t\t\t\t<div class=\"elementor-element elementor-element-f321c39 elementor-icon-list--layout-traditional elementor-list-item-link-full_width exad-sticky-section-no exad-glass-effect-no elementor-widget elementor-widget-icon-list\" data-id=\"f321c39\" data-element_type=\"widget\" data-widget_type=\"icon-list.default\">\n\t\t\t\t\t\t\t<ul class=\"elementor-icon-list-items\">\n\t\t\t\t\t\t\t<li class=\"elementor-icon-list-item\">\n\t\t\t\t\t\t\t\t\t\t\t<span class=\"elementor-icon-list-icon\">\n\t\t\t\t\t\t\t<i aria-hidden=\"true\" class=\"remixicon ri-number-1\"><\/i>\t\t\t\t\t\t<\/span>\n\t\t\t\t\t\t\t\t\t\t<span class=\"elementor-icon-list-text\">Clique no mapa para abrir no Google Maps, instalado no seu dispositivo m\u00f3vel<\/span>\n\t\t\t\t\t\t\t\t\t<\/li>\n\t\t\t\t\t\t\t\t<li class=\"elementor-icon-list-item\">\n\t\t\t\t\t\t\t\t\t\t\t<span class=\"elementor-icon-list-icon\">\n\t\t\t\t\t\t\t<i aria-hidden=\"true\" class=\"remixicon ri-number-2\"><\/i>\t\t\t\t\t\t<\/span>\n\t\t\t\t\t\t\t\t\t\t<span class=\"elementor-icon-list-text\">Usando o zoom (mais e menos no canto da tela), aproxime e afaste para conhecer mais Bel\u00e9m\u00a0<\/span>\n\t\t\t\t\t\t\t\t\t<\/li>\n\t\t\t\t\t\t\t\t<li class=\"elementor-icon-list-item\">\n\t\t\t\t\t\t\t\t\t\t\t<span class=\"elementor-icon-list-icon\">\n\t\t\t\t\t\t\t<i aria-hidden=\"true\" class=\"remixicon ri-number-3\"><\/i>\t\t\t\t\t\t<\/span>\n\t\t\t\t\t\t\t\t\t\t<span class=\"elementor-icon-list-text\">Clique em cada ponto para saber mais sobre a hospedagem, restaurante, bar, casa de shows ou museu que voc\u00ea quer visitar<\/span>\n\t\t\t\t\t\t\t\t\t<\/li>\n\t\t\t\t\t\t\t\t<li class=\"elementor-icon-list-item\">\n\t\t\t\t\t\t\t\t\t\t\t<span class=\"elementor-icon-list-icon\">\n\t\t\t\t\t\t\t<i aria-hidden=\"true\" class=\"remixicon ri-number-4\"><\/i>\t\t\t\t\t\t<\/span>\n\t\t\t\t\t\t\t\t\t\t<span class=\"elementor-icon-list-text\">Navegue pela cidade usando o Carta Maps ao vivo, ele funciona como um GPS paraense<\/span>\n\t\t\t\t\t\t\t\t\t<\/li>\n\t\t\t\t\t\t\t\t<li class=\"elementor-icon-list-item\">\n\t\t\t\t\t\t\t\t\t\t\t<a href=\"https:\/\/docs.google.com\/forms\/d\/e\/1FAIpQLSd8KrGvCbajJr2TPgQzUXopJ7QyF5W2D5Zqkg2zNWC41pDoLA\/viewform\" target=\"_blank\">\n\n\t\t\t\t\t\t\t\t\t\t\t\t<span class=\"elementor-icon-list-icon\">\n\t\t\t\t\t\t\t<i aria-hidden=\"true\" class=\"remixicon ri-number-5\"><\/i>\t\t\t\t\t\t<\/span>\n\t\t\t\t\t\t\t\t\t\t<span class=\"elementor-icon-list-text\">Colabore com o Carta Maps indicando lugares para o mapa por meio do formul\u00e1rio, <b>acesse aqui.<\/b><\/span>\n\t\t\t\t\t\t\t\t\t\t\t<\/a>\n\t\t\t\t\t\t\t\t\t<\/li>\n\t\t\t\t\t\t<\/ul>\n\t\t\t\t\t\t<\/div>\n\t\t\t\t<\/div>\n\t\t\t\t\t<\/div>\n\t\t\t\t<\/div>\n\t\t<div class=\"elementor-element elementor-element-0c9c0c4 e-flex e-con-boxed e-con e-parent\" data-id=\"0c9c0c4\" data-element_type=\"container\" data-settings=\"{&quot;background_background&quot;:&quot;gradient&quot;}\">\n\t\t\t\t\t<div class=\"e-con-inner\">\n\t\t<div class=\"elementor-element elementor-element-2e1d305 e-con-full e-flex e-con e-child\" data-id=\"2e1d305\" data-element_type=\"container\">\n\t\t\t\t<div class=\"elementor-element elementor-element-87418a3 elementor-widget__width-initial elementor-hidden-mobile exad-sticky-section-no exad-glass-effect-no elementor-widget elementor-widget-image\" data-id=\"87418a3\" data-element_type=\"widget\" data-widget_type=\"image.default\">\n\t\t\t\t\t\t\t\t\t\t\t\t\t\t\t<img loading=\"lazy\" decoding=\"async\" width=\"218\" height=\"113\" src=\"https:\/\/cartaamazonia.com.br\/carta-maps-cop30\/wp-content\/uploads\/2025\/09\/icone.png\" class=\"attachment-large size-large wp-image-8028\" alt=\"\" \/>\t\t\t\t\t\t\t\t\t\t\t\t\t\t\t<\/div>\n\t\t\t\t<div class=\"elementor-element elementor-element-5ef6a46d exad-sticky-section-no exad-glass-effect-no elementor-widget elementor-widget-heading\" data-id=\"5ef6a46d\" data-element_type=\"widget\" data-widget_type=\"heading.default\">\n\t\t\t\t\t<h2 class=\"elementor-heading-title elementor-size-default\"><span style=\"color:#bac000\">MAPA<\/span> <span style=\"color:#ac300e\">GERAL<\/span><\/h2>\t\t\t\t<\/div>\n\t\t\t\t<\/div>\n\t\t\t\t<div class=\"elementor-element elementor-element-404e338 elementor-hidden-desktop elementor-hidden-tablet elementor-hidden-mobile exad-sticky-section-no exad-glass-effect-no elementor-widget elementor-widget-text-editor\" data-id=\"404e338\" data-element_type=\"widget\" data-widget_type=\"text-editor.default\">\n\t\t\t\t\t\t\t\t\t<p>Onde ficam as hospedagens que oferecem o melhor custo-benef\u00edcio para quem<br \/>vai participar em novembro da COP30<\/p>\t\t\t\t\t\t\t\t<\/div>\n\t\t\t\t<div class=\"elementor-element elementor-element-714221c exad-sticky-section-no exad-glass-effect-no elementor-widget elementor-widget-html\" data-id=\"714221c\" data-element_type=\"widget\" data-widget_type=\"html.default\">\n\t\t\t\t\t<iframe src=\"https:\/\/www.google.com\/maps\/d\/embed?mid=1yIUkiwSb_1NCALNSh5VsBychSy4U2NA&ehbc=2E312F\" width=\"640\" height=\"680\"><\/iframe>\t\t\t\t<\/div>\n\t\t\t\t\t<\/div>\n\t\t\t\t<\/div>\n\t\t<div class=\"elementor-element elementor-element-2775648 e-flex e-con-boxed e-con e-parent\" data-id=\"2775648\" data-element_type=\"container\" data-settings=\"{&quot;background_background&quot;:&quot;gradient&quot;}\">\n\t\t\t\t\t<div class=\"e-con-inner\">\n\t\t<div class=\"elementor-element elementor-element-3689143 e-con-full e-flex e-con e-child\" data-id=\"3689143\" data-element_type=\"container\">\n\t\t\t\t<div class=\"elementor-element elementor-element-4e9f5b9 elementor-widget__width-initial elementor-hidden-mobile exad-sticky-section-no exad-glass-effect-no elementor-widget elementor-widget-image\" data-id=\"4e9f5b9\" data-element_type=\"widget\" data-widget_type=\"image.default\">\n\t\t\t\t\t\t\t\t\t\t\t\t\t\t\t<img loading=\"lazy\" decoding=\"async\" width=\"218\" height=\"113\" src=\"https:\/\/cartaamazonia.com.br\/carta-maps-cop30\/wp-content\/uploads\/2025\/09\/icone.png\" class=\"attachment-large size-large wp-image-8028\" alt=\"\" \/>\t\t\t\t\t\t\t\t\t\t\t\t\t\t\t<\/div>\n\t\t\t\t<div class=\"elementor-element elementor-element-34e67ea exad-sticky-section-no exad-glass-effect-no elementor-widget elementor-widget-heading\" data-id=\"34e67ea\" data-element_type=\"widget\" data-widget_type=\"heading.default\">\n\t\t\t\t\t<h2 class=\"elementor-heading-title elementor-size-default\"><span style=\"color:#bac000\">MAPA DE<\/span> <span style=\"color:#ac300e\">HOSPEDAGENS<\/span><\/h2>\t\t\t\t<\/div>\n\t\t\t\t<\/div>\n\t\t\t\t<div class=\"elementor-element elementor-element-af52e66 exad-sticky-section-no exad-glass-effect-no elementor-widget elementor-widget-text-editor\" data-id=\"af52e66\" data-element_type=\"widget\" data-widget_type=\"text-editor.default\">\n\t\t\t\t\t\t\t\t\t<p>Onde ficam as hospedagens que oferecem o melhor custo-benef\u00edcio para quem vai participar em novembro da COP30<\/p>\t\t\t\t\t\t\t\t<\/div>\n\t\t\t\t<div class=\"elementor-element elementor-element-c8fc473 exad-sticky-section-no exad-glass-effect-no elementor-widget elementor-widget-html\" data-id=\"c8fc473\" data-element_type=\"widget\" data-widget_type=\"html.default\">\n\t\t\t\t\t<iframe src=\"https:\/\/www.google.com\/maps\/d\/embed?mid=1kw2xhj2iLz_VXgIBYRs-c3fA0J2PTtA&ehbc=2E312F\" width=\"640\" height=\"680\"><\/iframe>\t\t\t\t<\/div>\n\t\t\t\t\t<\/div>\n\t\t\t\t<\/div>\n\t\t<div class=\"elementor-element elementor-element-22c0d23 e-flex e-con-boxed e-con e-parent\" data-id=\"22c0d23\" data-element_type=\"container\" data-settings=\"{&quot;background_background&quot;:&quot;gradient&quot;}\">\n\t\t\t\t\t<div class=\"e-con-inner\">\n\t\t<div class=\"elementor-element elementor-element-5de973d e-con-full e-flex e-con e-child\" data-id=\"5de973d\" data-element_type=\"container\">\n\t\t\t\t<div class=\"elementor-element elementor-element-9cc3977 elementor-widget__width-initial elementor-hidden-mobile exad-sticky-section-no exad-glass-effect-no elementor-widget elementor-widget-image\" data-id=\"9cc3977\" data-element_type=\"widget\" data-widget_type=\"image.default\">\n\t\t\t\t\t\t\t\t\t\t\t\t\t\t\t<img loading=\"lazy\" decoding=\"async\" width=\"218\" height=\"113\" src=\"https:\/\/cartaamazonia.com.br\/carta-maps-cop30\/wp-content\/uploads\/2025\/09\/icone.png\" class=\"attachment-large size-large wp-image-8028\" alt=\"\" \/>\t\t\t\t\t\t\t\t\t\t\t\t\t\t\t<\/div>\n\t\t\t\t<div class=\"elementor-element elementor-element-09e7308 exad-sticky-section-no exad-glass-effect-no elementor-widget elementor-widget-heading\" data-id=\"09e7308\" data-element_type=\"widget\" data-widget_type=\"heading.default\">\n\t\t\t\t\t<h2 class=\"elementor-heading-title elementor-size-default\"><span style=\"color:#bac000\">MAPA DE<\/span> <span style=\"color:#ac300e\">GASTRONOMIA<\/span><\/h2>\t\t\t\t<\/div>\n\t\t\t\t<\/div>\n\t\t\t\t<div class=\"elementor-element elementor-element-b0f3570 exad-sticky-section-no exad-glass-effect-no elementor-widget elementor-widget-text-editor\" data-id=\"b0f3570\" data-element_type=\"widget\" data-widget_type=\"text-editor.default\">\n\t\t\t\t\t\t\t\t\t<p>Onde comer bem na COP30, na rua ou nos restaurantes, voc\u00ea confere nesse roteiro com mais de 100 op\u00e7\u00f5es<\/p>\t\t\t\t\t\t\t\t<\/div>\n\t\t\t\t<div class=\"elementor-element elementor-element-529a39f exad-sticky-section-no exad-glass-effect-no elementor-widget elementor-widget-html\" data-id=\"529a39f\" data-element_type=\"widget\" data-widget_type=\"html.default\">\n\t\t\t\t\t<iframe src=\"https:\/\/www.google.com\/maps\/d\/embed?mid=1Ku1qae_nABVYg4-uxzVNcUjVn1A4uDg&ehbc=2E312F\" width=\"640\" height=\"680\"><\/iframe>\t\t\t\t<\/div>\n\t\t\t\t\t<\/div>\n\t\t\t\t<\/div>\n\t\t<div class=\"elementor-element elementor-element-7457f38 e-flex e-con-boxed e-con e-parent\" data-id=\"7457f38\" data-element_type=\"container\" data-settings=\"{&quot;background_background&quot;:&quot;gradient&quot;}\">\n\t\t\t\t\t<div class=\"e-con-inner\">\n\t\t<div class=\"elementor-element elementor-element-9320d04 e-con-full e-flex e-con e-child\" data-id=\"9320d04\" data-element_type=\"container\">\n\t\t\t\t<div class=\"elementor-element elementor-element-f14df75 elementor-widget__width-initial elementor-hidden-mobile exad-sticky-section-no exad-glass-effect-no elementor-widget elementor-widget-image\" data-id=\"f14df75\" data-element_type=\"widget\" data-widget_type=\"image.default\">\n\t\t\t\t\t\t\t\t\t\t\t\t\t\t\t<img loading=\"lazy\" decoding=\"async\" width=\"218\" height=\"113\" src=\"https:\/\/cartaamazonia.com.br\/carta-maps-cop30\/wp-content\/uploads\/2025\/09\/icone.png\" class=\"attachment-large size-large wp-image-8028\" alt=\"\" \/>\t\t\t\t\t\t\t\t\t\t\t\t\t\t\t<\/div>\n\t\t\t\t<div class=\"elementor-element elementor-element-38439ac exad-sticky-section-no exad-glass-effect-no elementor-widget elementor-widget-heading\" data-id=\"38439ac\" data-element_type=\"widget\" data-widget_type=\"heading.default\">\n\t\t\t\t\t<h2 class=\"elementor-heading-title elementor-size-default\"><span style=\"color:#bac000\">MAPA DOS<\/span> <span style=\"color:#ac300e\">ESPA\u00c7OS CULTURAIS<\/span><\/h2>\t\t\t\t<\/div>\n\t\t\t\t<\/div>\n\t\t\t\t<div class=\"elementor-element elementor-element-30989bc exad-sticky-section-no exad-glass-effect-no elementor-widget elementor-widget-text-editor\" data-id=\"30989bc\" data-element_type=\"widget\" data-widget_type=\"text-editor.default\">\n\t\t\t\t\t\t\t\t\t<p>Onde encontrar op\u00e7\u00f5es de lazer em Bel\u00e9m? Nem te bate! Fizemos um mapeamento de lugares cheios de cultura, arte e vida para sua viagem<\/p>\t\t\t\t\t\t\t\t<\/div>\n\t\t\t\t<div class=\"elementor-element elementor-element-2fee043 exad-sticky-section-no exad-glass-effect-no elementor-widget elementor-widget-html\" data-id=\"2fee043\" data-element_type=\"widget\" data-widget_type=\"html.default\">\n\t\t\t\t\t<iframe src=\"https:\/\/www.google.com\/maps\/d\/embed?mid=1o4y-hbv7NcaaXUPDjEs-Uw7d8PWYD1Q&ehbc=2E312F\" width=\"640\" height=\"680\"><\/iframe>\t\t\t\t<\/div>\n\t\t\t\t\t<\/div>\n\t\t\t\t<\/div>\n\t\t<div class=\"elementor-element elementor-element-091c07e e-flex e-con-boxed e-con e-parent\" data-id=\"091c07e\" data-element_type=\"container\" data-settings=\"{&quot;background_background&quot;:&quot;gradient&quot;}\">\n\t\t\t\t\t<div class=\"e-con-inner\">\n\t\t\t\t<div class=\"elementor-element elementor-element-728a991 exad-sticky-section-no exad-glass-effect-no elementor-widget elementor-widget-heading\" data-id=\"728a991\" data-element_type=\"widget\" data-widget_type=\"heading.default\">\n\t\t\t\t\t<h2 class=\"elementor-heading-title elementor-size-default\"> <span style=\"color:#ac300e\">NOT\u00cdCIAS<\/span><\/h2>\t\t\t\t<\/div>\n\t\t\t\t<div class=\"elementor-element elementor-element-d4dde97 elementor-grid-3 elementor-grid-tablet-2 elementor-grid-mobile-1 elementor-posts--thumbnail-top elementor-card-shadow-yes elementor-posts__hover-gradient exad-sticky-section-no exad-glass-effect-no elementor-widget elementor-widget-posts\" data-id=\"d4dde97\" data-element_type=\"widget\" data-settings=\"{&quot;cards_columns&quot;:&quot;3&quot;,&quot;cards_columns_tablet&quot;:&quot;2&quot;,&quot;cards_columns_mobile&quot;:&quot;1&quot;,&quot;cards_row_gap&quot;:{&quot;unit&quot;:&quot;px&quot;,&quot;size&quot;:35,&quot;sizes&quot;:[]},&quot;cards_row_gap_tablet&quot;:{&quot;unit&quot;:&quot;px&quot;,&quot;size&quot;:&quot;&quot;,&quot;sizes&quot;:[]},&quot;cards_row_gap_mobile&quot;:{&quot;unit&quot;:&quot;px&quot;,&quot;size&quot;:&quot;&quot;,&quot;sizes&quot;:[]}}\" data-widget_type=\"posts.cards\">\n\t\t\t\t<div class=\"elementor-widget-container\">\n\t\t\t\t\t\t\t<div class=\"elementor-posts-container elementor-posts elementor-posts--skin-cards elementor-grid\">\n\t\t\t\t<article class=\"elementor-post elementor-grid-item post-8628 post type-post status-publish format-standard has-post-thumbnail hentry category-cop30 tag-adison-ferreira tag-amazonia tag-belem tag-carta-maps tag-cop30 tag-infoamazonia tag-jornalismo-socioambiental tag-onu\">\n\t\t\t<div class=\"elementor-post__card\">\n\t\t\t\t<a class=\"elementor-post__thumbnail__link\" href=\"https:\/\/cartaamazonia.com.br\/carta-maps-cop30\/2025\/11\/05\/carta-amazonia-se-junta-a-20-veiculos-em-alianca-inedita-de-cobertura-na-cop30\/\" tabindex=\"-1\" ><div class=\"elementor-post__thumbnail\"><img loading=\"lazy\" decoding=\"async\" width=\"300\" height=\"169\" src=\"https:\/\/cartaamazonia.com.br\/carta-maps-cop30\/wp-content\/uploads\/2025\/11\/Banner-para-site-300x169.png\" class=\"attachment-medium size-medium wp-image-8629\" alt=\"\" srcset=\"https:\/\/cartaamazonia.com.br\/carta-maps-cop30\/wp-content\/uploads\/2025\/11\/Banner-para-site-300x169.png 300w, https:\/\/cartaamazonia.com.br\/carta-maps-cop30\/wp-content\/uploads\/2025\/11\/Banner-para-site-1024x576.png 1024w, https:\/\/cartaamazonia.com.br\/carta-maps-cop30\/wp-content\/uploads\/2025\/11\/Banner-para-site-768x432.png 768w, https:\/\/cartaamazonia.com.br\/carta-maps-cop30\/wp-content\/uploads\/2025\/11\/Banner-para-site-1536x864.png 1536w, https:\/\/cartaamazonia.com.br\/carta-maps-cop30\/wp-content\/uploads\/2025\/11\/Banner-para-site-2048x1152.png 2048w\" sizes=\"(max-width: 300px) 100vw, 300px\" \/><\/div><\/a>\n\t\t\t\t<div class=\"elementor-post__badge\">COP30<\/div>\n\t\t\t\t<div class=\"elementor-post__text\">\n\t\t\t\t<h3 class=\"elementor-post__title\">\n\t\t\t<a href=\"https:\/\/cartaamazonia.com.br\/carta-maps-cop30\/2025\/11\/05\/carta-amazonia-se-junta-a-20-veiculos-em-alianca-inedita-de-cobertura-na-cop30\/\" >\n\t\t\t\tCarta Amaz\u00f4nia se junta a 20 ve\u00edculos em alian\u00e7a in\u00e9dita de cobertura na COP30\t\t\t<\/a>\n\t\t<\/h3>\n\t\t\t\t<div class=\"elementor-post__excerpt\">\n\t\t\t<p>A Casa do Jornalismo Socioambiental \u00e9 uma iniciativa que reunir\u00e1 profissionais e ve\u00edculos brasileiros especialistas de todo o pa\u00eds. O<\/p>\n\t\t<\/div>\n\t\t\n\t\t<a class=\"elementor-post__read-more\" href=\"https:\/\/cartaamazonia.com.br\/carta-maps-cop30\/2025\/11\/05\/carta-amazonia-se-junta-a-20-veiculos-em-alianca-inedita-de-cobertura-na-cop30\/\" aria-label=\"Read more about Carta Amaz\u00f4nia se junta a 20 ve\u00edculos em alian\u00e7a in\u00e9dita de cobertura na COP30\" tabindex=\"-1\" >\n\t\t\tLEIA MAIS \u00bb\t\t<\/a>\n\n\t\t\t\t<\/div>\n\t\t\t\t<div class=\"elementor-post__meta-data\">\n\t\t\t\t\t<span class=\"elementor-post-date\">\n\t\t\t5 de novembro de 2025\t\t<\/span>\n\t\t\t\t<\/div>\n\t\t\t\t\t<\/div>\n\t\t<\/article>\n\t\t\t\t<article class=\"elementor-post elementor-grid-item post-8623 post type-post status-publish format-standard has-post-thumbnail hentry category-cop30 tag-amazonia tag-belem tag-casa-ipe tag-cop30 tag-geojornalismo tag-onu tag-organizacoes-socioambientais tag-povos-indigenas\">\n\t\t\t<div class=\"elementor-post__card\">\n\t\t\t\t<a class=\"elementor-post__thumbnail__link\" href=\"https:\/\/cartaamazonia.com.br\/carta-maps-cop30\/2025\/11\/03\/casa-ipe-em-belem-vai-reunir-especialistas-para-debate-sobre-clima-e-biodiversidade\/\" tabindex=\"-1\" ><div class=\"elementor-post__thumbnail\"><img loading=\"lazy\" decoding=\"async\" width=\"300\" height=\"231\" src=\"https:\/\/cartaamazonia.com.br\/carta-maps-cop30\/wp-content\/uploads\/2025\/11\/Foto-Fachada-casa-IPE-300x231.jpeg\" class=\"attachment-medium size-medium wp-image-8624\" alt=\"\" srcset=\"https:\/\/cartaamazonia.com.br\/carta-maps-cop30\/wp-content\/uploads\/2025\/11\/Foto-Fachada-casa-IPE-300x231.jpeg 300w, https:\/\/cartaamazonia.com.br\/carta-maps-cop30\/wp-content\/uploads\/2025\/11\/Foto-Fachada-casa-IPE.jpeg 748w\" sizes=\"(max-width: 300px) 100vw, 300px\" \/><\/div><\/a>\n\t\t\t\t<div class=\"elementor-post__badge\">COP30<\/div>\n\t\t\t\t<div class=\"elementor-post__text\">\n\t\t\t\t<h3 class=\"elementor-post__title\">\n\t\t\t<a href=\"https:\/\/cartaamazonia.com.br\/carta-maps-cop30\/2025\/11\/03\/casa-ipe-em-belem-vai-reunir-especialistas-para-debate-sobre-clima-e-biodiversidade\/\" >\n\t\t\t\tCasa IP\u00ca em Bel\u00e9m vai reunir especialistas para debate sobre clima e biodiversidade\t\t\t<\/a>\n\t\t<\/h3>\n\t\t\t\t<div class=\"elementor-post__excerpt\">\n\t\t\t<p>A casa est\u00e1 no mapeamento das organiza\u00e7\u00f5es socioambientais de Bel\u00e9m do projeto Carta Maps. ___ Durante a Confer\u00eancia Mundial do<\/p>\n\t\t<\/div>\n\t\t\n\t\t<a class=\"elementor-post__read-more\" href=\"https:\/\/cartaamazonia.com.br\/carta-maps-cop30\/2025\/11\/03\/casa-ipe-em-belem-vai-reunir-especialistas-para-debate-sobre-clima-e-biodiversidade\/\" aria-label=\"Read more about Casa IP\u00ca em Bel\u00e9m vai reunir especialistas para debate sobre clima e biodiversidade\" tabindex=\"-1\" >\n\t\t\tLEIA MAIS \u00bb\t\t<\/a>\n\n\t\t\t\t<\/div>\n\t\t\t\t<div class=\"elementor-post__meta-data\">\n\t\t\t\t\t<span class=\"elementor-post-date\">\n\t\t\t3 de novembro de 2025\t\t<\/span>\n\t\t\t\t<\/div>\n\t\t\t\t\t<\/div>\n\t\t<\/article>\n\t\t\t\t<article class=\"elementor-post elementor-grid-item post-8592 post type-post status-publish format-standard has-post-thumbnail hentry category-cop30 tag-amazonia tag-belem tag-cop30 tag-hospedagem tag-onu tag-policia-federal tag-povos-indigenas tag-seguranca\">\n\t\t\t<div class=\"elementor-post__card\">\n\t\t\t\t<a class=\"elementor-post__thumbnail__link\" href=\"https:\/\/cartaamazonia.com.br\/carta-maps-cop30\/2025\/10\/26\/pf-define-plano-de-seguranca-para-os-dias-de-cop-30-em-belem\/\" tabindex=\"-1\" ><div class=\"elementor-post__thumbnail\"><img loading=\"lazy\" decoding=\"async\" width=\"300\" height=\"225\" src=\"https:\/\/cartaamazonia.com.br\/carta-maps-cop30\/wp-content\/uploads\/2025\/10\/c2441370-b378-4d54-917c-e80e934840e5-300x225.jpeg\" class=\"attachment-medium size-medium wp-image-8593\" alt=\"\" srcset=\"https:\/\/cartaamazonia.com.br\/carta-maps-cop30\/wp-content\/uploads\/2025\/10\/c2441370-b378-4d54-917c-e80e934840e5-300x225.jpeg 300w, https:\/\/cartaamazonia.com.br\/carta-maps-cop30\/wp-content\/uploads\/2025\/10\/c2441370-b378-4d54-917c-e80e934840e5.jpeg 768w\" sizes=\"(max-width: 300px) 100vw, 300px\" \/><\/div><\/a>\n\t\t\t\t<div class=\"elementor-post__badge\">COP30<\/div>\n\t\t\t\t<div class=\"elementor-post__text\">\n\t\t\t\t<h3 class=\"elementor-post__title\">\n\t\t\t<a href=\"https:\/\/cartaamazonia.com.br\/carta-maps-cop30\/2025\/10\/26\/pf-define-plano-de-seguranca-para-os-dias-de-cop-30-em-belem\/\" >\n\t\t\t\tPF define plano de seguran\u00e7a para os dias de COP 30 em Bel\u00e9m\t\t\t<\/a>\n\t\t<\/h3>\n\t\t\t\t<div class=\"elementor-post__excerpt\">\n\t\t\t<p>As a\u00e7\u00f5es t\u00eam o objetivo de garantir a prote\u00e7\u00e3o de um n\u00famero recorde de delega\u00e7\u00f5es internacionais __________ A Pol\u00edcia Federal<\/p>\n\t\t<\/div>\n\t\t\n\t\t<a class=\"elementor-post__read-more\" href=\"https:\/\/cartaamazonia.com.br\/carta-maps-cop30\/2025\/10\/26\/pf-define-plano-de-seguranca-para-os-dias-de-cop-30-em-belem\/\" aria-label=\"Read more about PF define plano de seguran\u00e7a para os dias de COP 30 em Bel\u00e9m\" tabindex=\"-1\" >\n\t\t\tLEIA MAIS \u00bb\t\t<\/a>\n\n\t\t\t\t<\/div>\n\t\t\t\t<div class=\"elementor-post__meta-data\">\n\t\t\t\t\t<span class=\"elementor-post-date\">\n\t\t\t26 de outubro de 2025\t\t<\/span>\n\t\t\t\t<\/div>\n\t\t\t\t\t<\/div>\n\t\t<\/article>\n\t\t\t\t<\/div>\n\t\t\n\t\t\t\t\t\t<\/div>\n\t\t\t\t<\/div>\n\t\t\t\t<div class=\"elementor-element elementor-element-aab3d20 elementor-align-center exad-sticky-section-no exad-glass-effect-no elementor-widget elementor-widget-ot-btn\" data-id=\"aab3d20\" data-element_type=\"widget\" data-widget_type=\"ot-btn.default\">\n\t\t\t\t<div class=\"elementor-widget-container\">\n\t\t\t\t\t\t\t<div class=\"ot-button-wrapper\">\r\n\t\t\t<a href=\"https:\/\/cartaamazonia.com.br\/carta-maps-cop30\/noticias\/\" class=\"octf-btn\">\r\n\t\t\t\tVeja Mais\t\t\t\t\t\t\t<\/a>\r\n\t    <\/div>\r\n\t    \t\t\t\t<\/div>\n\t\t\t\t<\/div>\n\t\t\t\t\t<\/div>\n\t\t\t\t<\/div>\n\t\t<div class=\"elementor-element elementor-element-768521eb e-flex e-con-boxed e-con e-parent\" data-id=\"768521eb\" data-element_type=\"container\" data-settings=\"{&quot;background_background&quot;:&quot;gradient&quot;}\">\n\t\t\t\t\t<div class=\"e-con-inner\">\n\t\t\t\t<div class=\"elementor-element elementor-element-247877b8 exad-sticky-section-no exad-glass-effect-no elementor-widget elementor-widget-heading\" data-id=\"247877b8\" data-element_type=\"widget\" data-widget_type=\"heading.default\">\n\t\t\t\t\t<h2 class=\"elementor-heading-title elementor-size-default\"><span style=\"color:#bac000\">QUEM<\/span> <span style=\"color:#ac300e\">SOMOS<\/span><\/h2>\t\t\t\t<\/div>\n\t\t\t\t<div class=\"elementor-element elementor-element-25044b56 exad-sticky-section-no exad-glass-effect-no elementor-widget elementor-widget-text-editor\" data-id=\"25044b56\" data-element_type=\"widget\" data-widget_type=\"text-editor.default\">\n\t\t\t\t\t\t\t\t\t<p>O \u201cCarta Maps COP30\u201d \u00e9 um projeto da ag\u00eancia de comunica\u00e7\u00e3o socioambiental Carta Amaz\u00f4nia que apresenta mapas interativos com m\u00faltiplos temas de interesse \u2013 com geolocaliza\u00e7\u00e3o, textos, fotos e v\u00eddeo \u2013 atualizados periodicamente com informa\u00e7\u00f5es sobre a cidade-sede da COP30 coletadas de modo cruzado com base em dados e informa\u00e7\u00f5es de cidad\u00e3os, universidades, governos e jornalistas.\u00a0<\/p><p>A iniciativa visa investigar, dialogar e mostrar, atrav\u00e9s do geojornalismo, diversos produtos e servi\u00e7os da capital do Par\u00e1 e ao mesmo tempo contextualizar com os conte\u00fados e reportagens veiculadas na ag\u00eancia Carta Amaz\u00f4nia sobre a regi\u00e3o.<\/p>\t\t\t\t\t\t\t\t<\/div>\n\t\t\t\t<div class=\"elementor-element elementor-element-3eeb38c exad-sticky-section-no exad-glass-effect-no elementor-widget elementor-widget-heading\" data-id=\"3eeb38c\" data-element_type=\"widget\" data-widget_type=\"heading.default\">\n\t\t\t\t\t<h2 class=\"elementor-heading-title elementor-size-default\"><span style=\"color:#bac000\">EQUIPE DO<\/span> <span style=\"color:#ac300e\">PROJETO<\/span><\/h2>\t\t\t\t<\/div>\n\t\t<div class=\"elementor-element elementor-element-2b6b01b2 e-grid e-con-full e-con e-child\" data-id=\"2b6b01b2\" data-element_type=\"container\">\n\t\t\t\t<div class=\"elementor-element elementor-element-7bb32699 ot-position-top exad-sticky-section-no exad-glass-effect-no elementor-widget elementor-widget-imember\" data-id=\"7bb32699\" data-element_type=\"widget\" data-widget_type=\"imember.default\">\n\t\t\t\t<div class=\"elementor-widget-container\">\n\t\t\t\t\t\r\n\t\t<div class=\"ot-team\">\r\n\t\t\t<div class=\"effect-thumb\"><\/div>\t\t\t<div class=\"team-box-inner type_default\">\r\n\t\t\t\t<div class=\"ot-team__thumb\">\r\n\t\t\t\t\t<img loading=\"lazy\" decoding=\"async\" width=\"150\" height=\"150\" src=\"https:\/\/cartaamazonia.com.br\/carta-maps-cop30\/wp-content\/uploads\/2025\/08\/Perfil_Adison-Ferreira-e1756341874800-150x150.jpeg\" class=\"attachment-thumbnail size-thumbnail wp-image-7747\" alt=\"\" srcset=\"https:\/\/cartaamazonia.com.br\/carta-maps-cop30\/wp-content\/uploads\/2025\/08\/Perfil_Adison-Ferreira-e1756341874800-150x150.jpeg 150w, https:\/\/cartaamazonia.com.br\/carta-maps-cop30\/wp-content\/uploads\/2025\/08\/Perfil_Adison-Ferreira-e1756341874800-500x500.jpeg 500w\" sizes=\"(max-width: 150px) 100vw, 150px\" \/>\t\t\t\t\t\t\t\t\t\t \t\t\t\t<\/div>\r\n\t\t\t\t<div class=\"ot-team__info\">\r\n\t\t\t\t\t<h6 class=\"tname\">Adison Ferreira<\/h6>\t\t\t\t\t<span>Diretor de jornalismo<\/span>\t\t\t\t\t\t\t\t\t\t\t\t\t\t<\/div>\r\n\t\t\t<\/div>\r\n\t\t<\/div>\r\n\t        \r\n\t    \t\t\t\t<\/div>\n\t\t\t\t<\/div>\n\t\t\t\t<div class=\"elementor-element elementor-element-5627168f elementor-hidden-mobile ot-position-top exad-sticky-section-no exad-glass-effect-no elementor-widget elementor-widget-imember\" data-id=\"5627168f\" data-element_type=\"widget\" data-widget_type=\"imember.default\">\n\t\t\t\t<div class=\"elementor-widget-container\">\n\t\t\t\t\t\r\n\t\t<div class=\"ot-team\">\r\n\t\t\t<div class=\"effect-thumb\"><\/div>\t\t\t<div class=\"team-box-inner type_default\">\r\n\t\t\t\t<div class=\"ot-team__thumb\">\r\n\t\t\t\t\t<img loading=\"lazy\" decoding=\"async\" width=\"150\" height=\"150\" src=\"https:\/\/cartaamazonia.com.br\/carta-maps-cop30\/wp-content\/uploads\/2025\/08\/Perfil_Cecilia-Amorim-150x150.png\" class=\"attachment-thumbnail size-thumbnail wp-image-7962\" alt=\"\" srcset=\"https:\/\/cartaamazonia.com.br\/carta-maps-cop30\/wp-content\/uploads\/2025\/08\/Perfil_Cecilia-Amorim-150x150.png 150w, https:\/\/cartaamazonia.com.br\/carta-maps-cop30\/wp-content\/uploads\/2025\/08\/Perfil_Cecilia-Amorim-500x500.png 500w\" sizes=\"(max-width: 150px) 100vw, 150px\" \/>\t\t\t\t\t\t\t\t\t\t \t\t\t\t<\/div>\r\n\t\t\t\t<div class=\"ot-team__info\">\r\n\t\t\t\t\t<h6 class=\"tname\">Cec\u00edlia Amorim<\/h6>\t\t\t\t\t<span>Diretora de gest\u00e3o e projetos<\/span>\t\t\t\t\t\t\t\t\t\t\t\t\t\t<\/div>\r\n\t\t\t<\/div>\r\n\t\t<\/div>\r\n\t        \r\n\t    \t\t\t\t<\/div>\n\t\t\t\t<\/div>\n\t\t\t\t<div class=\"elementor-element elementor-element-397dbce ot-position-top exad-sticky-section-no exad-glass-effect-no elementor-widget elementor-widget-imember\" data-id=\"397dbce\" data-element_type=\"widget\" data-widget_type=\"imember.default\">\n\t\t\t\t<div class=\"elementor-widget-container\">\n\t\t\t\t\t\r\n\t\t<div class=\"ot-team\">\r\n\t\t\t<div class=\"effect-thumb\"><\/div>\t\t\t<div class=\"team-box-inner type_default\">\r\n\t\t\t\t<div class=\"ot-team__thumb\">\r\n\t\t\t\t\t<img loading=\"lazy\" decoding=\"async\" width=\"150\" height=\"150\" src=\"https:\/\/cartaamazonia.com.br\/carta-maps-cop30\/wp-content\/uploads\/2025\/08\/Perfil_Eraldo-Paulino-150x150.png\" class=\"attachment-thumbnail size-thumbnail wp-image-7961\" alt=\"\" srcset=\"https:\/\/cartaamazonia.com.br\/carta-maps-cop30\/wp-content\/uploads\/2025\/08\/Perfil_Eraldo-Paulino-150x150.png 150w, https:\/\/cartaamazonia.com.br\/carta-maps-cop30\/wp-content\/uploads\/2025\/08\/Perfil_Eraldo-Paulino-500x500.png 500w\" sizes=\"(max-width: 150px) 100vw, 150px\" \/>\t\t\t\t\t\t\t\t\t\t \t\t\t\t<\/div>\r\n\t\t\t\t<div class=\"ot-team__info\">\r\n\t\t\t\t\t<h6 class=\"tname\">Eraldo Paulino<\/h6>\t\t\t\t\t<span>Diretor de Produtos Digitais<\/span>\t\t\t\t\t\t\t\t\t\t\t\t\t\t<\/div>\r\n\t\t\t<\/div>\r\n\t\t<\/div>\r\n\t        \r\n\t    \t\t\t\t<\/div>\n\t\t\t\t<\/div>\n\t\t\t\t<div class=\"elementor-element elementor-element-6b5d88dd elementor-hidden-mobile ot-position-top exad-sticky-section-no exad-glass-effect-no elementor-widget elementor-widget-imember\" data-id=\"6b5d88dd\" data-element_type=\"widget\" data-widget_type=\"imember.default\">\n\t\t\t\t<div class=\"elementor-widget-container\">\n\t\t\t\t\t\r\n\t\t<div class=\"ot-team\">\r\n\t\t\t<div class=\"effect-thumb\"><\/div>\t\t\t<div class=\"team-box-inner type_default\">\r\n\t\t\t\t<div class=\"ot-team__thumb\">\r\n\t\t\t\t\t<img loading=\"lazy\" decoding=\"async\" width=\"150\" height=\"150\" src=\"https:\/\/cartaamazonia.com.br\/carta-maps-cop30\/wp-content\/uploads\/2025\/08\/Perfil-Antonio-e1756341810107-150x150.jpg\" class=\"attachment-thumbnail size-thumbnail wp-image-7746\" alt=\"\" srcset=\"https:\/\/cartaamazonia.com.br\/carta-maps-cop30\/wp-content\/uploads\/2025\/08\/Perfil-Antonio-e1756341810107-150x150.jpg 150w, https:\/\/cartaamazonia.com.br\/carta-maps-cop30\/wp-content\/uploads\/2025\/08\/Perfil-Antonio-e1756341810107-500x500.jpg 500w\" sizes=\"(max-width: 150px) 100vw, 150px\" \/>\t\t\t\t\t\t\t\t\t\t \t\t\t\t<\/div>\r\n\t\t\t\t<div class=\"ot-team__info\">\r\n\t\t\t\t\t<h6 class=\"tname\">Antonio Laranjeira<\/h6>\t\t\t\t\t<span>Consultor de geojornalismo<\/span>\t\t\t\t\t\t\t\t\t\t\t\t\t\t<\/div>\r\n\t\t\t<\/div>\r\n\t\t<\/div>\r\n\t        \r\n\t    \t\t\t\t<\/div>\n\t\t\t\t<\/div>\n\t\t\t\t<\/div>\n\t\t\t\t<div class=\"elementor-element elementor-element-387f8e3 exad-sticky-section-no exad-glass-effect-no elementor-widget elementor-widget-ot-btn\" data-id=\"387f8e3\" data-element_type=\"widget\" data-widget_type=\"ot-btn.default\">\n\t\t\t\t<div class=\"elementor-widget-container\">\n\t\t\t\t\t\t\t<div class=\"ot-button-wrapper\">\r\n\t\t\t<a href=\"https:\/\/cartaamazonia.com.br\/carta-maps-cop30\/equipe\/\" class=\"octf-btn\">\r\n\t\t\t\tVeja a equipe\t\t\t\t\t\t\t<\/a>\r\n\t    <\/div>\r\n\t    \t\t\t\t<\/div>\n\t\t\t\t<\/div>\n\t\t\t\t\t<\/div>\n\t\t\t\t<\/div>\n\t\t<div class=\"elementor-element elementor-element-77125bf7 e-flex e-con-boxed e-con e-parent\" data-id=\"77125bf7\" data-element_type=\"container\" data-settings=\"{&quot;background_background&quot;:&quot;gradient&quot;}\">\n\t\t\t\t\t<div class=\"e-con-inner\">\n\t\t\t\t<div class=\"elementor-element elementor-element-378fa9ce exad-sticky-section-no exad-glass-effect-no elementor-widget elementor-widget-heading\" data-id=\"378fa9ce\" data-element_type=\"widget\" data-widget_type=\"heading.default\">\n\t\t\t\t\t<h2 class=\"elementor-heading-title elementor-size-default\">Alguma d\u00favida ? Entre em contato!<\/h2>\t\t\t\t<\/div>\n\t\t\t\t<div class=\"elementor-element elementor-element-7a7ba93e exad-sticky-section-no exad-glass-effect-no elementor-widget elementor-widget-text-editor\" data-id=\"7a7ba93e\" data-element_type=\"widget\" data-widget_type=\"text-editor.default\">\n\t\t\t\t\t\t\t\t\t<p>Criada em dezembro de 2022,\u00a0 a Carta Amaz\u00f4nia atua com produ\u00e7\u00e3o de conte\u00fado, educomunica\u00e7\u00e3o e servi\u00e7os pautados na agenda socioambiental, Direitos Humanos, justi\u00e7a clim\u00e1tica e no fortalecimento do jornalismo local em defesa dos seres humanos e n\u00e3o humanos da Amaz\u00f4nia Legal.<\/p>\t\t\t\t\t\t\t\t<\/div>\n\t\t\t\t<div class=\"elementor-element elementor-element-721ee3bf elementor-align-center exad-sticky-section-no exad-glass-effect-no elementor-widget elementor-widget-ot-btn\" data-id=\"721ee3bf\" data-element_type=\"widget\" data-widget_type=\"ot-btn.default\">\n\t\t\t\t<div class=\"elementor-widget-container\">\n\t\t\t\t\t\t\t<div class=\"ot-button-wrapper octf-btn-icon-left\">\r\n\t\t\t<a href=\"https:\/\/cartaamazonia.com.br\/carta-maps-cop30\/contato\/\" class=\"octf-btn\">\r\n\t\t\t\tFale conosco\t\t\t\t\t\t\t\t\t<i aria-hidden=\"true\" class=\" uil-phone\"><\/i>\t\t\t\t\t\t\t<\/a>\r\n\t    <\/div>\r\n\t    \t\t\t\t<\/div>\n\t\t\t\t<\/div>\n\t\t\t\t\t<\/div>\n\t\t\t\t<\/div>\n\t\t\t\t<\/div>\n\t\t","protected":false},"excerpt":{"rendered":"<p>USABILIDADE DO CARTA MAPS 5 passos sobre como usar a ferramenta digital de navega\u00e7\u00e3o: Clique no mapa para abrir no Google Maps, instalado no seu dispositivo m\u00f3vel Usando o zoom (mais e menos no canto da tela), aproxime e afaste para conhecer mais Bel\u00e9m\u00a0 Clique em cada ponto para saber mais sobre a hospedagem, restaurante, [&hellip;]<\/p>\n","protected":false},"author":1,"featured_media":0,"parent":0,"menu_order":0,"comment_status":"closed","ping_status":"closed","template":"","meta":{"footnotes":""},"class_list":["post-7285","page","type-page","status-publish","hentry"],"_links":{"self":[{"href":"https:\/\/cartaamazonia.com.br\/carta-maps-cop30\/wp-json\/wp\/v2\/pages\/7285","targetHints":{"allow":["GET"]}}],"collection":[{"href":"https:\/\/cartaamazonia.com.br\/carta-maps-cop30\/wp-json\/wp\/v2\/pages"}],"about":[{"href":"https:\/\/cartaamazonia.com.br\/carta-maps-cop30\/wp-json\/wp\/v2\/types\/page"}],"author":[{"embeddable":true,"href":"https:\/\/cartaamazonia.com.br\/carta-maps-cop30\/wp-json\/wp\/v2\/users\/1"}],"replies":[{"embeddable":true,"href":"https:\/\/cartaamazonia.com.br\/carta-maps-cop30\/wp-json\/wp\/v2\/comments?post=7285"}],"version-history":[{"count":395,"href":"https:\/\/cartaamazonia.com.br\/carta-maps-cop30\/wp-json\/wp\/v2\/pages\/7285\/revisions"}],"predecessor-version":[{"id":8608,"href":"https:\/\/cartaamazonia.com.br\/carta-maps-cop30\/wp-json\/wp\/v2\/pages\/7285\/revisions\/8608"}],"wp:attachment":[{"href":"https:\/\/cartaamazonia.com.br\/carta-maps-cop30\/wp-json\/wp\/v2\/media?parent=7285"}],"curies":[{"name":"wp","href":"https:\/\/api.w.org\/{rel}","templated":true}]}}