{"id":7654,"date":"2025-08-24T23:44:43","date_gmt":"2025-08-25T02:44:43","guid":{"rendered":"https:\/\/cartaamazonia.com.br\/carta-maps-cop30\/?page_id=7654"},"modified":"2025-09-02T21:23:55","modified_gmt":"2025-09-03T00:23:55","slug":"noticias","status":"publish","type":"page","link":"https:\/\/cartaamazonia.com.br\/carta-maps-cop30\/noticias\/","title":{"rendered":"Not\u00edcias"},"content":{"rendered":"\t\t<div data-elementor-type=\"wp-page\" data-elementor-id=\"7654\" class=\"elementor elementor-7654\" data-elementor-post-type=\"page\">\n\t\t\t\t<div class=\"elementor-element elementor-element-43b5c9e5 e-flex e-con-boxed e-con e-parent\" data-id=\"43b5c9e5\" data-element_type=\"container\" data-settings=\"{&quot;background_background&quot;:&quot;classic&quot;}\">\n\t\t\t\t\t<div class=\"e-con-inner\">\n\t\t\t\t<div class=\"elementor-element elementor-element-3f52b5fb exad-sticky-section-no exad-glass-effect-no elementor-widget elementor-widget-heading\" data-id=\"3f52b5fb\" data-element_type=\"widget\" data-widget_type=\"heading.default\">\n\t\t\t\t\t<h2 class=\"elementor-heading-title elementor-size-default\"><span style=\"color:#ac300e\">NOT\u00cdCIAS<\/span><\/h2>\t\t\t\t<\/div>\n\t\t\t\t\t<\/div>\n\t\t\t\t<\/div>\n\t\t<div class=\"elementor-element elementor-element-76b6a56 e-flex e-con-boxed e-con e-parent\" data-id=\"76b6a56\" data-element_type=\"container\" data-settings=\"{&quot;background_background&quot;:&quot;classic&quot;}\">\n\t\t\t\t\t<div class=\"e-con-inner\">\n\t\t\t\t<div class=\"elementor-element elementor-element-99470c9 elementor-grid-3 elementor-grid-tablet-2 elementor-grid-mobile-1 elementor-posts--thumbnail-top elementor-card-shadow-yes elementor-posts__hover-gradient exad-sticky-section-no exad-glass-effect-no elementor-widget elementor-widget-posts\" data-id=\"99470c9\" data-element_type=\"widget\" data-settings=\"{&quot;pagination_type&quot;:&quot;load_more_infinite_scroll&quot;,&quot;cards_columns&quot;:&quot;3&quot;,&quot;cards_columns_tablet&quot;:&quot;2&quot;,&quot;cards_columns_mobile&quot;:&quot;1&quot;,&quot;cards_row_gap&quot;:{&quot;unit&quot;:&quot;px&quot;,&quot;size&quot;:35,&quot;sizes&quot;:[]},&quot;cards_row_gap_tablet&quot;:{&quot;unit&quot;:&quot;px&quot;,&quot;size&quot;:&quot;&quot;,&quot;sizes&quot;:[]},&quot;cards_row_gap_mobile&quot;:{&quot;unit&quot;:&quot;px&quot;,&quot;size&quot;:&quot;&quot;,&quot;sizes&quot;:[]},&quot;load_more_spinner&quot;:{&quot;value&quot;:&quot;fas fa-spinner&quot;,&quot;library&quot;:&quot;fa-solid&quot;}}\" data-widget_type=\"posts.cards\">\n\t\t\t\t<div class=\"elementor-widget-container\">\n\t\t\t\t\t\t\t<div class=\"elementor-posts-container elementor-posts elementor-posts--skin-cards elementor-grid\">\n\t\t\t\t<article class=\"elementor-post elementor-grid-item post-8662 post type-post status-publish format-standard has-post-thumbnail hentry category-cultura category-principal tag-amazonia tag-belem tag-brega tag-brega-marcante tag-carabao tag-cop30 tag-espaco-apoena tag-feira-do-acai tag-festa tag-festa-de-aparelhagem tag-gabi-amarantos tag-geojornalismo tag-palacio-dos-bares tag-rock-doido tag-rubi tag-tecnobrega tag-treme\">\n\t\t\t<div class=\"elementor-post__card\">\n\t\t\t\t<a class=\"elementor-post__thumbnail__link\" href=\"https:\/\/cartaamazonia.com.br\/carta-maps-cop30\/2026\/01\/22\/mapa-do-rock-doido-de-belem-o-mapa-da-noite-de-belem\/\" tabindex=\"-1\" ><div class=\"elementor-post__thumbnail\"><img fetchpriority=\"high\" decoding=\"async\" width=\"300\" height=\"231\" src=\"https:\/\/cartaamazonia.com.br\/carta-maps-cop30\/wp-content\/uploads\/2026\/01\/Mapa-do-Rock-Doido-Carta-Maps-1-300x231.png\" class=\"attachment-medium size-medium wp-image-8663\" alt=\"\" srcset=\"https:\/\/cartaamazonia.com.br\/carta-maps-cop30\/wp-content\/uploads\/2026\/01\/Mapa-do-Rock-Doido-Carta-Maps-1-300x231.png 300w, https:\/\/cartaamazonia.com.br\/carta-maps-cop30\/wp-content\/uploads\/2026\/01\/Mapa-do-Rock-Doido-Carta-Maps-1-768x592.png 768w, https:\/\/cartaamazonia.com.br\/carta-maps-cop30\/wp-content\/uploads\/2026\/01\/Mapa-do-Rock-Doido-Carta-Maps-1.png 909w\" sizes=\"(max-width: 300px) 100vw, 300px\" \/><\/div><\/a>\n\t\t\t\t<div class=\"elementor-post__badge\">Cultura<\/div>\n\t\t\t\t<div class=\"elementor-post__text\">\n\t\t\t\t<h3 class=\"elementor-post__title\">\n\t\t\t<a href=\"https:\/\/cartaamazonia.com.br\/carta-maps-cop30\/2026\/01\/22\/mapa-do-rock-doido-de-belem-o-mapa-da-noite-de-belem\/\" >\n\t\t\t\tMapa do &#8220;Rock Doido&#8221;:  O guia da boemia de Bel\u00e9m\t\t\t<\/a>\n\t\t<\/h3>\n\t\t\t\t<div class=\"elementor-post__excerpt\">\n\t\t\t\t\t<\/div>\n\t\t\n\t\t<a class=\"elementor-post__read-more\" href=\"https:\/\/cartaamazonia.com.br\/carta-maps-cop30\/2026\/01\/22\/mapa-do-rock-doido-de-belem-o-mapa-da-noite-de-belem\/\" aria-label=\"Read more about Mapa do &#8220;Rock Doido&#8221;:  O guia da boemia de Bel\u00e9m\" tabindex=\"-1\" >\n\t\t\tSaiba Mais \u00bb\t\t<\/a>\n\n\t\t\t\t<\/div>\n\t\t\t\t<div class=\"elementor-post__meta-data\">\n\t\t\t\t\t<span class=\"elementor-post-date\">\n\t\t\t22 de janeiro de 2026\t\t<\/span>\n\t\t\t\t<\/div>\n\t\t\t\t\t<\/div>\n\t\t<\/article>\n\t\t\t\t<article class=\"elementor-post elementor-grid-item post-8652 post type-post status-publish format-standard has-post-thumbnail hentry category-cop30 category-principal tag-agenda-climatica tag-amazonia tag-belem tag-carta-maps tag-casa-ipe tag-cop30 tag-geojornalismo tag-povos-indigenas\">\n\t\t\t<div class=\"elementor-post__card\">\n\t\t\t\t<a class=\"elementor-post__thumbnail__link\" href=\"https:\/\/cartaamazonia.com.br\/carta-maps-cop30\/2025\/11\/21\/cop30-alem-dos-espacos-oficiais-confira-o-mapa-das-mobilizacoes-pelas-ruas-de-belem\/\" tabindex=\"-1\" ><div class=\"elementor-post__thumbnail\"><img decoding=\"async\" width=\"300\" height=\"206\" src=\"https:\/\/cartaamazonia.com.br\/carta-maps-cop30\/wp-content\/uploads\/2025\/11\/Screenshot-2025-11-21-172509-300x206.png\" class=\"attachment-medium size-medium wp-image-8654\" alt=\"\" srcset=\"https:\/\/cartaamazonia.com.br\/carta-maps-cop30\/wp-content\/uploads\/2025\/11\/Screenshot-2025-11-21-172509-300x206.png 300w, https:\/\/cartaamazonia.com.br\/carta-maps-cop30\/wp-content\/uploads\/2025\/11\/Screenshot-2025-11-21-172509-768x527.png 768w, https:\/\/cartaamazonia.com.br\/carta-maps-cop30\/wp-content\/uploads\/2025\/11\/Screenshot-2025-11-21-172509.png 938w\" sizes=\"(max-width: 300px) 100vw, 300px\" \/><\/div><\/a>\n\t\t\t\t<div class=\"elementor-post__badge\">COP30<\/div>\n\t\t\t\t<div class=\"elementor-post__text\">\n\t\t\t\t<h3 class=\"elementor-post__title\">\n\t\t\t<a href=\"https:\/\/cartaamazonia.com.br\/carta-maps-cop30\/2025\/11\/21\/cop30-alem-dos-espacos-oficiais-confira-o-mapa-das-mobilizacoes-pelas-ruas-de-belem\/\" >\n\t\t\t\tCOP30 al\u00e9m dos espa\u00e7os oficiais: confira o mapa das mobiliza\u00e7\u00f5es clim\u00e1ticas pelas ruas de Bel\u00e9m\t\t\t<\/a>\n\t\t<\/h3>\n\t\t\t\t<div class=\"elementor-post__excerpt\">\n\t\t\t\t\t<\/div>\n\t\t\n\t\t<a class=\"elementor-post__read-more\" href=\"https:\/\/cartaamazonia.com.br\/carta-maps-cop30\/2025\/11\/21\/cop30-alem-dos-espacos-oficiais-confira-o-mapa-das-mobilizacoes-pelas-ruas-de-belem\/\" aria-label=\"Read more about COP30 al\u00e9m dos espa\u00e7os oficiais: confira o mapa das mobiliza\u00e7\u00f5es clim\u00e1ticas pelas ruas de Bel\u00e9m\" tabindex=\"-1\" >\n\t\t\tSaiba Mais \u00bb\t\t<\/a>\n\n\t\t\t\t<\/div>\n\t\t\t\t<div class=\"elementor-post__meta-data\">\n\t\t\t\t\t<span class=\"elementor-post-date\">\n\t\t\t21 de novembro de 2025\t\t<\/span>\n\t\t\t\t<\/div>\n\t\t\t\t\t<\/div>\n\t\t<\/article>\n\t\t\t\t<article class=\"elementor-post elementor-grid-item post-8643 post type-post status-publish format-standard has-post-thumbnail hentry category-cop30 category-principal tag-amazonia tag-atendimento-medico tag-belem tag-carta-maps tag-cop30 tag-geojornalismo tag-governo-do-para tag-governo-federal tag-onu tag-rede-cidada-infoamazonia tag-saude-publica tag-ubs tag-upa\">\n\t\t\t<div class=\"elementor-post__card\">\n\t\t\t\t<a class=\"elementor-post__thumbnail__link\" href=\"https:\/\/cartaamazonia.com.br\/carta-maps-cop30\/2025\/11\/10\/mapas-das-unidades-de-saude-publica-na-cop30-de-ubs-aos-postos-de-atendimento-intinerante\/\" tabindex=\"-1\" ><div class=\"elementor-post__thumbnail\"><img decoding=\"async\" width=\"300\" height=\"210\" src=\"https:\/\/cartaamazonia.com.br\/carta-maps-cop30\/wp-content\/uploads\/2025\/11\/Screenshot-2025-11-10-080451-300x210.png\" class=\"attachment-medium size-medium wp-image-8644\" alt=\"\" srcset=\"https:\/\/cartaamazonia.com.br\/carta-maps-cop30\/wp-content\/uploads\/2025\/11\/Screenshot-2025-11-10-080451-300x210.png 300w, https:\/\/cartaamazonia.com.br\/carta-maps-cop30\/wp-content\/uploads\/2025\/11\/Screenshot-2025-11-10-080451-768x538.png 768w, https:\/\/cartaamazonia.com.br\/carta-maps-cop30\/wp-content\/uploads\/2025\/11\/Screenshot-2025-11-10-080451.png 973w\" sizes=\"(max-width: 300px) 100vw, 300px\" \/><\/div><\/a>\n\t\t\t\t<div class=\"elementor-post__badge\">COP30<\/div>\n\t\t\t\t<div class=\"elementor-post__text\">\n\t\t\t\t<h3 class=\"elementor-post__title\">\n\t\t\t<a href=\"https:\/\/cartaamazonia.com.br\/carta-maps-cop30\/2025\/11\/10\/mapas-das-unidades-de-saude-publica-na-cop30-de-ubs-aos-postos-de-atendimento-intinerante\/\" >\n\t\t\t\tMapas das Unidades de Sa\u00fade P\u00fablica na COP30: de UBS aos ambulat\u00f3rios itinerantes\t\t\t<\/a>\n\t\t<\/h3>\n\t\t\t\t<div class=\"elementor-post__excerpt\">\n\t\t\t\t\t<\/div>\n\t\t\n\t\t<a class=\"elementor-post__read-more\" href=\"https:\/\/cartaamazonia.com.br\/carta-maps-cop30\/2025\/11\/10\/mapas-das-unidades-de-saude-publica-na-cop30-de-ubs-aos-postos-de-atendimento-intinerante\/\" aria-label=\"Read more about Mapas das Unidades de Sa\u00fade P\u00fablica na COP30: de UBS aos ambulat\u00f3rios itinerantes\" tabindex=\"-1\" >\n\t\t\tSaiba Mais \u00bb\t\t<\/a>\n\n\t\t\t\t<\/div>\n\t\t\t\t<div class=\"elementor-post__meta-data\">\n\t\t\t\t\t<span class=\"elementor-post-date\">\n\t\t\t10 de novembro de 2025\t\t<\/span>\n\t\t\t\t<\/div>\n\t\t\t\t\t<\/div>\n\t\t<\/article>\n\t\t\t\t<article class=\"elementor-post elementor-grid-item post-8628 post type-post status-publish format-standard has-post-thumbnail hentry category-cop30 tag-adison-ferreira tag-amazonia tag-belem tag-carta-maps tag-cop30 tag-infoamazonia tag-jornalismo-socioambiental tag-onu\">\n\t\t\t<div class=\"elementor-post__card\">\n\t\t\t\t<a class=\"elementor-post__thumbnail__link\" href=\"https:\/\/cartaamazonia.com.br\/carta-maps-cop30\/2025\/11\/05\/carta-amazonia-se-junta-a-20-veiculos-em-alianca-inedita-de-cobertura-na-cop30\/\" tabindex=\"-1\" ><div class=\"elementor-post__thumbnail\"><img loading=\"lazy\" decoding=\"async\" width=\"300\" height=\"169\" src=\"https:\/\/cartaamazonia.com.br\/carta-maps-cop30\/wp-content\/uploads\/2025\/11\/Banner-para-site-300x169.png\" class=\"attachment-medium size-medium wp-image-8629\" alt=\"\" srcset=\"https:\/\/cartaamazonia.com.br\/carta-maps-cop30\/wp-content\/uploads\/2025\/11\/Banner-para-site-300x169.png 300w, https:\/\/cartaamazonia.com.br\/carta-maps-cop30\/wp-content\/uploads\/2025\/11\/Banner-para-site-1024x576.png 1024w, https:\/\/cartaamazonia.com.br\/carta-maps-cop30\/wp-content\/uploads\/2025\/11\/Banner-para-site-768x432.png 768w, https:\/\/cartaamazonia.com.br\/carta-maps-cop30\/wp-content\/uploads\/2025\/11\/Banner-para-site-1536x864.png 1536w, https:\/\/cartaamazonia.com.br\/carta-maps-cop30\/wp-content\/uploads\/2025\/11\/Banner-para-site-2048x1152.png 2048w\" sizes=\"(max-width: 300px) 100vw, 300px\" \/><\/div><\/a>\n\t\t\t\t<div class=\"elementor-post__badge\">COP30<\/div>\n\t\t\t\t<div class=\"elementor-post__text\">\n\t\t\t\t<h3 class=\"elementor-post__title\">\n\t\t\t<a href=\"https:\/\/cartaamazonia.com.br\/carta-maps-cop30\/2025\/11\/05\/carta-amazonia-se-junta-a-20-veiculos-em-alianca-inedita-de-cobertura-na-cop30\/\" >\n\t\t\t\tCarta Amaz\u00f4nia se junta a 20 ve\u00edculos em alian\u00e7a in\u00e9dita de cobertura na COP30\t\t\t<\/a>\n\t\t<\/h3>\n\t\t\t\t<div class=\"elementor-post__excerpt\">\n\t\t\t\t\t<\/div>\n\t\t\n\t\t<a class=\"elementor-post__read-more\" href=\"https:\/\/cartaamazonia.com.br\/carta-maps-cop30\/2025\/11\/05\/carta-amazonia-se-junta-a-20-veiculos-em-alianca-inedita-de-cobertura-na-cop30\/\" aria-label=\"Read more about Carta Amaz\u00f4nia se junta a 20 ve\u00edculos em alian\u00e7a in\u00e9dita de cobertura na COP30\" tabindex=\"-1\" >\n\t\t\tSaiba Mais \u00bb\t\t<\/a>\n\n\t\t\t\t<\/div>\n\t\t\t\t<div class=\"elementor-post__meta-data\">\n\t\t\t\t\t<span class=\"elementor-post-date\">\n\t\t\t5 de novembro de 2025\t\t<\/span>\n\t\t\t\t<\/div>\n\t\t\t\t\t<\/div>\n\t\t<\/article>\n\t\t\t\t<article class=\"elementor-post elementor-grid-item post-8623 post type-post status-publish format-standard has-post-thumbnail hentry category-cop30 tag-amazonia tag-belem tag-casa-ipe tag-cop30 tag-geojornalismo tag-onu tag-organizacoes-socioambientais tag-povos-indigenas\">\n\t\t\t<div class=\"elementor-post__card\">\n\t\t\t\t<a class=\"elementor-post__thumbnail__link\" href=\"https:\/\/cartaamazonia.com.br\/carta-maps-cop30\/2025\/11\/03\/casa-ipe-em-belem-vai-reunir-especialistas-para-debate-sobre-clima-e-biodiversidade\/\" tabindex=\"-1\" ><div class=\"elementor-post__thumbnail\"><img loading=\"lazy\" decoding=\"async\" width=\"300\" height=\"231\" src=\"https:\/\/cartaamazonia.com.br\/carta-maps-cop30\/wp-content\/uploads\/2025\/11\/Foto-Fachada-casa-IPE-300x231.jpeg\" class=\"attachment-medium size-medium wp-image-8624\" alt=\"\" srcset=\"https:\/\/cartaamazonia.com.br\/carta-maps-cop30\/wp-content\/uploads\/2025\/11\/Foto-Fachada-casa-IPE-300x231.jpeg 300w, https:\/\/cartaamazonia.com.br\/carta-maps-cop30\/wp-content\/uploads\/2025\/11\/Foto-Fachada-casa-IPE.jpeg 748w\" sizes=\"(max-width: 300px) 100vw, 300px\" \/><\/div><\/a>\n\t\t\t\t<div class=\"elementor-post__badge\">COP30<\/div>\n\t\t\t\t<div class=\"elementor-post__text\">\n\t\t\t\t<h3 class=\"elementor-post__title\">\n\t\t\t<a href=\"https:\/\/cartaamazonia.com.br\/carta-maps-cop30\/2025\/11\/03\/casa-ipe-em-belem-vai-reunir-especialistas-para-debate-sobre-clima-e-biodiversidade\/\" >\n\t\t\t\tCasa IP\u00ca em Bel\u00e9m vai reunir especialistas para debate sobre clima e biodiversidade\t\t\t<\/a>\n\t\t<\/h3>\n\t\t\t\t<div class=\"elementor-post__excerpt\">\n\t\t\t\t\t<\/div>\n\t\t\n\t\t<a class=\"elementor-post__read-more\" href=\"https:\/\/cartaamazonia.com.br\/carta-maps-cop30\/2025\/11\/03\/casa-ipe-em-belem-vai-reunir-especialistas-para-debate-sobre-clima-e-biodiversidade\/\" aria-label=\"Read more about Casa IP\u00ca em Bel\u00e9m vai reunir especialistas para debate sobre clima e biodiversidade\" tabindex=\"-1\" >\n\t\t\tSaiba Mais \u00bb\t\t<\/a>\n\n\t\t\t\t<\/div>\n\t\t\t\t<div class=\"elementor-post__meta-data\">\n\t\t\t\t\t<span class=\"elementor-post-date\">\n\t\t\t3 de novembro de 2025\t\t<\/span>\n\t\t\t\t<\/div>\n\t\t\t\t\t<\/div>\n\t\t<\/article>\n\t\t\t\t<article class=\"elementor-post elementor-grid-item post-8592 post type-post status-publish format-standard has-post-thumbnail hentry category-cop30 tag-amazonia tag-belem tag-cop30 tag-hospedagem tag-onu tag-policia-federal tag-povos-indigenas tag-seguranca\">\n\t\t\t<div class=\"elementor-post__card\">\n\t\t\t\t<a class=\"elementor-post__thumbnail__link\" href=\"https:\/\/cartaamazonia.com.br\/carta-maps-cop30\/2025\/10\/26\/pf-define-plano-de-seguranca-para-os-dias-de-cop-30-em-belem\/\" tabindex=\"-1\" ><div class=\"elementor-post__thumbnail\"><img loading=\"lazy\" decoding=\"async\" width=\"300\" height=\"225\" src=\"https:\/\/cartaamazonia.com.br\/carta-maps-cop30\/wp-content\/uploads\/2025\/10\/c2441370-b378-4d54-917c-e80e934840e5-300x225.jpeg\" class=\"attachment-medium size-medium wp-image-8593\" alt=\"\" srcset=\"https:\/\/cartaamazonia.com.br\/carta-maps-cop30\/wp-content\/uploads\/2025\/10\/c2441370-b378-4d54-917c-e80e934840e5-300x225.jpeg 300w, https:\/\/cartaamazonia.com.br\/carta-maps-cop30\/wp-content\/uploads\/2025\/10\/c2441370-b378-4d54-917c-e80e934840e5.jpeg 768w\" sizes=\"(max-width: 300px) 100vw, 300px\" \/><\/div><\/a>\n\t\t\t\t<div class=\"elementor-post__badge\">COP30<\/div>\n\t\t\t\t<div class=\"elementor-post__text\">\n\t\t\t\t<h3 class=\"elementor-post__title\">\n\t\t\t<a href=\"https:\/\/cartaamazonia.com.br\/carta-maps-cop30\/2025\/10\/26\/pf-define-plano-de-seguranca-para-os-dias-de-cop-30-em-belem\/\" >\n\t\t\t\tPF define plano de seguran\u00e7a para os dias de COP 30 em Bel\u00e9m\t\t\t<\/a>\n\t\t<\/h3>\n\t\t\t\t<div class=\"elementor-post__excerpt\">\n\t\t\t\t\t<\/div>\n\t\t\n\t\t<a class=\"elementor-post__read-more\" href=\"https:\/\/cartaamazonia.com.br\/carta-maps-cop30\/2025\/10\/26\/pf-define-plano-de-seguranca-para-os-dias-de-cop-30-em-belem\/\" aria-label=\"Read more about PF define plano de seguran\u00e7a para os dias de COP 30 em Bel\u00e9m\" tabindex=\"-1\" >\n\t\t\tSaiba Mais \u00bb\t\t<\/a>\n\n\t\t\t\t<\/div>\n\t\t\t\t<div class=\"elementor-post__meta-data\">\n\t\t\t\t\t<span class=\"elementor-post-date\">\n\t\t\t26 de outubro de 2025\t\t<\/span>\n\t\t\t\t<\/div>\n\t\t\t\t\t<\/div>\n\t\t<\/article>\n\t\t\t\t<article class=\"elementor-post elementor-grid-item post-8586 post type-post status-publish format-standard has-post-thumbnail hentry category-cop30 category-principal tag-belem tag-carta-maps tag-cop30 tag-hospedagem tag-mobilidade-urbana tag-onu tag-parque-da-cidade\">\n\t\t\t<div class=\"elementor-post__card\">\n\t\t\t\t<a class=\"elementor-post__thumbnail__link\" href=\"https:\/\/cartaamazonia.com.br\/carta-maps-cop30\/2025\/10\/26\/cop30-confira-mapas-e-rotas-de-acesso-aos-espacos-oficiais-da-conferencia\/\" tabindex=\"-1\" ><div class=\"elementor-post__thumbnail\"><img loading=\"lazy\" decoding=\"async\" width=\"300\" height=\"209\" src=\"https:\/\/cartaamazonia.com.br\/carta-maps-cop30\/wp-content\/uploads\/2025\/10\/Screenshot-2025-10-27-112623-300x209.png\" class=\"attachment-medium size-medium wp-image-8596\" alt=\"\" srcset=\"https:\/\/cartaamazonia.com.br\/carta-maps-cop30\/wp-content\/uploads\/2025\/10\/Screenshot-2025-10-27-112623-300x209.png 300w, https:\/\/cartaamazonia.com.br\/carta-maps-cop30\/wp-content\/uploads\/2025\/10\/Screenshot-2025-10-27-112623-1024x714.png 1024w, https:\/\/cartaamazonia.com.br\/carta-maps-cop30\/wp-content\/uploads\/2025\/10\/Screenshot-2025-10-27-112623-768x536.png 768w, https:\/\/cartaamazonia.com.br\/carta-maps-cop30\/wp-content\/uploads\/2025\/10\/Screenshot-2025-10-27-112623.png 1094w\" sizes=\"(max-width: 300px) 100vw, 300px\" \/><\/div><\/a>\n\t\t\t\t<div class=\"elementor-post__badge\">COP30<\/div>\n\t\t\t\t<div class=\"elementor-post__text\">\n\t\t\t\t<h3 class=\"elementor-post__title\">\n\t\t\t<a href=\"https:\/\/cartaamazonia.com.br\/carta-maps-cop30\/2025\/10\/26\/cop30-confira-mapas-e-rotas-de-acesso-aos-espacos-oficiais-da-conferencia\/\" >\n\t\t\t\tCOP30: Confira mapas e rotas de acesso aos espa\u00e7os oficiais da confer\u00eancia\t\t\t<\/a>\n\t\t<\/h3>\n\t\t\t\t<div class=\"elementor-post__excerpt\">\n\t\t\t\t\t<\/div>\n\t\t\n\t\t<a class=\"elementor-post__read-more\" href=\"https:\/\/cartaamazonia.com.br\/carta-maps-cop30\/2025\/10\/26\/cop30-confira-mapas-e-rotas-de-acesso-aos-espacos-oficiais-da-conferencia\/\" aria-label=\"Read more about COP30: Confira mapas e rotas de acesso aos espa\u00e7os oficiais da confer\u00eancia\" tabindex=\"-1\" >\n\t\t\tSaiba Mais \u00bb\t\t<\/a>\n\n\t\t\t\t<\/div>\n\t\t\t\t<div class=\"elementor-post__meta-data\">\n\t\t\t\t\t<span class=\"elementor-post-date\">\n\t\t\t26 de outubro de 2025\t\t<\/span>\n\t\t\t\t<\/div>\n\t\t\t\t\t<\/div>\n\t\t<\/article>\n\t\t\t\t<article class=\"elementor-post elementor-grid-item post-8560 post type-post status-publish format-standard has-post-thumbnail hentry category-cop30 tag-amazonia tag-ananindeua tag-avenida-liberdade tag-belem tag-carta-amazonia tag-carta-maps tag-comunidade-quilombola tag-cop30 tag-geojornalismo tag-quilombo-do-abacatal tag-seop\">\n\t\t\t<div class=\"elementor-post__card\">\n\t\t\t\t<a class=\"elementor-post__thumbnail__link\" href=\"https:\/\/cartaamazonia.com.br\/carta-maps-cop30\/2025\/10\/17\/quilombolas-denunciam-impactos-ambientais-e-atraso-em-obras-de-compensacao-da-avenida-liberdade-na-grande-belem\/\" tabindex=\"-1\" ><div class=\"elementor-post__thumbnail\"><img loading=\"lazy\" decoding=\"async\" width=\"300\" height=\"199\" src=\"https:\/\/cartaamazonia.com.br\/carta-maps-cop30\/wp-content\/uploads\/2025\/10\/canteiro-de-obras-da-Av.-Liberdade_credito-Adison-Ferreira-5-300x199.jpg\" class=\"attachment-medium size-medium wp-image-8567\" alt=\"\" srcset=\"https:\/\/cartaamazonia.com.br\/carta-maps-cop30\/wp-content\/uploads\/2025\/10\/canteiro-de-obras-da-Av.-Liberdade_credito-Adison-Ferreira-5-300x199.jpg 300w, https:\/\/cartaamazonia.com.br\/carta-maps-cop30\/wp-content\/uploads\/2025\/10\/canteiro-de-obras-da-Av.-Liberdade_credito-Adison-Ferreira-5-1024x678.jpg 1024w, https:\/\/cartaamazonia.com.br\/carta-maps-cop30\/wp-content\/uploads\/2025\/10\/canteiro-de-obras-da-Av.-Liberdade_credito-Adison-Ferreira-5-768x509.jpg 768w, https:\/\/cartaamazonia.com.br\/carta-maps-cop30\/wp-content\/uploads\/2025\/10\/canteiro-de-obras-da-Av.-Liberdade_credito-Adison-Ferreira-5-1536x1017.jpg 1536w, https:\/\/cartaamazonia.com.br\/carta-maps-cop30\/wp-content\/uploads\/2025\/10\/canteiro-de-obras-da-Av.-Liberdade_credito-Adison-Ferreira-5-2048x1356.jpg 2048w\" sizes=\"(max-width: 300px) 100vw, 300px\" \/><\/div><\/a>\n\t\t\t\t<div class=\"elementor-post__badge\">COP30<\/div>\n\t\t\t\t<div class=\"elementor-post__text\">\n\t\t\t\t<h3 class=\"elementor-post__title\">\n\t\t\t<a href=\"https:\/\/cartaamazonia.com.br\/carta-maps-cop30\/2025\/10\/17\/quilombolas-denunciam-impactos-ambientais-e-atraso-em-obras-de-compensacao-da-avenida-liberdade-na-grande-belem\/\" >\n\t\t\t\tQuilombolas denunciam impactos ambientais e atraso em obras de compensa\u00e7\u00e3o da Avenida Liberdade, na Grande Bel\u00e9m\t\t\t<\/a>\n\t\t<\/h3>\n\t\t\t\t<div class=\"elementor-post__excerpt\">\n\t\t\t\t\t<\/div>\n\t\t\n\t\t<a class=\"elementor-post__read-more\" href=\"https:\/\/cartaamazonia.com.br\/carta-maps-cop30\/2025\/10\/17\/quilombolas-denunciam-impactos-ambientais-e-atraso-em-obras-de-compensacao-da-avenida-liberdade-na-grande-belem\/\" aria-label=\"Read more about Quilombolas denunciam impactos ambientais e atraso em obras de compensa\u00e7\u00e3o da Avenida Liberdade, na Grande Bel\u00e9m\" tabindex=\"-1\" >\n\t\t\tSaiba Mais \u00bb\t\t<\/a>\n\n\t\t\t\t<\/div>\n\t\t\t\t<div class=\"elementor-post__meta-data\">\n\t\t\t\t\t<span class=\"elementor-post-date\">\n\t\t\t17 de outubro de 2025\t\t<\/span>\n\t\t\t\t<\/div>\n\t\t\t\t\t<\/div>\n\t\t<\/article>\n\t\t\t\t<article class=\"elementor-post elementor-grid-item post-8519 post type-post status-publish format-standard has-post-thumbnail hentry category-cop30 category-principal tag-amazonia tag-belem tag-cana-futura tag-cop30 tag-fundacao-roberto-marinho tag-geojornalismo tag-ift tag-imazon tag-ipe tag-ongs tag-onu\">\n\t\t\t<div class=\"elementor-post__card\">\n\t\t\t\t<a class=\"elementor-post__thumbnail__link\" href=\"https:\/\/cartaamazonia.com.br\/carta-maps-cop30\/2025\/10\/14\/mapa-do-ativismo-socioambiental-o-papel-das-organizacoes-da-sociedade-civil-na-cop30\/\" tabindex=\"-1\" ><div class=\"elementor-post__thumbnail\"><img loading=\"lazy\" decoding=\"async\" width=\"300\" height=\"208\" src=\"https:\/\/cartaamazonia.com.br\/carta-maps-cop30\/wp-content\/uploads\/2025\/10\/Screenshot-2025-10-14-000708-300x208.png\" class=\"attachment-medium size-medium wp-image-8520\" alt=\"\" srcset=\"https:\/\/cartaamazonia.com.br\/carta-maps-cop30\/wp-content\/uploads\/2025\/10\/Screenshot-2025-10-14-000708-300x208.png 300w, https:\/\/cartaamazonia.com.br\/carta-maps-cop30\/wp-content\/uploads\/2025\/10\/Screenshot-2025-10-14-000708-768x533.png 768w, https:\/\/cartaamazonia.com.br\/carta-maps-cop30\/wp-content\/uploads\/2025\/10\/Screenshot-2025-10-14-000708.png 920w\" sizes=\"(max-width: 300px) 100vw, 300px\" \/><\/div><\/a>\n\t\t\t\t<div class=\"elementor-post__badge\">COP30<\/div>\n\t\t\t\t<div class=\"elementor-post__text\">\n\t\t\t\t<h3 class=\"elementor-post__title\">\n\t\t\t<a href=\"https:\/\/cartaamazonia.com.br\/carta-maps-cop30\/2025\/10\/14\/mapa-do-ativismo-socioambiental-o-papel-das-organizacoes-da-sociedade-civil-na-cop30\/\" >\n\t\t\t\tMapa do ativismo socioambiental: o papel das organiza\u00e7\u00f5es da sociedade civil na COP30\t\t\t<\/a>\n\t\t<\/h3>\n\t\t\t\t<div class=\"elementor-post__excerpt\">\n\t\t\t\t\t<\/div>\n\t\t\n\t\t<a class=\"elementor-post__read-more\" href=\"https:\/\/cartaamazonia.com.br\/carta-maps-cop30\/2025\/10\/14\/mapa-do-ativismo-socioambiental-o-papel-das-organizacoes-da-sociedade-civil-na-cop30\/\" aria-label=\"Read more about Mapa do ativismo socioambiental: o papel das organiza\u00e7\u00f5es da sociedade civil na COP30\" tabindex=\"-1\" >\n\t\t\tSaiba Mais \u00bb\t\t<\/a>\n\n\t\t\t\t<\/div>\n\t\t\t\t<div class=\"elementor-post__meta-data\">\n\t\t\t\t\t<span class=\"elementor-post-date\">\n\t\t\t14 de outubro de 2025\t\t<\/span>\n\t\t\t\t<\/div>\n\t\t\t\t\t<\/div>\n\t\t<\/article>\n\t\t\t\t<article class=\"elementor-post elementor-grid-item post-8509 post type-post status-publish format-standard has-post-thumbnail hentry category-cultura tag-amazonia tag-ananindeua tag-belem tag-carta-maps tag-cirio-de-nazare tag-geojornalismo tag-mapa-do-cirio tag-marituba tag-prf tag-traslado\">\n\t\t\t<div class=\"elementor-post__card\">\n\t\t\t\t<a class=\"elementor-post__thumbnail__link\" href=\"https:\/\/cartaamazonia.com.br\/carta-maps-cop30\/2025\/10\/10\/cirio-2025-traslado-para-ananindeua-reune-milhares-de-devotos-nas-ruas-da-grande-belem\/\" tabindex=\"-1\" ><div class=\"elementor-post__thumbnail\"><img loading=\"lazy\" decoding=\"async\" width=\"300\" height=\"225\" src=\"https:\/\/cartaamazonia.com.br\/carta-maps-cop30\/wp-content\/uploads\/2025\/10\/WhatsApp-Image-2025-10-10-at-08.18.10-300x225.webp\" class=\"attachment-medium size-medium wp-image-8510\" alt=\"\" srcset=\"https:\/\/cartaamazonia.com.br\/carta-maps-cop30\/wp-content\/uploads\/2025\/10\/WhatsApp-Image-2025-10-10-at-08.18.10-300x225.webp 300w, https:\/\/cartaamazonia.com.br\/carta-maps-cop30\/wp-content\/uploads\/2025\/10\/WhatsApp-Image-2025-10-10-at-08.18.10-1024x768.webp 1024w, https:\/\/cartaamazonia.com.br\/carta-maps-cop30\/wp-content\/uploads\/2025\/10\/WhatsApp-Image-2025-10-10-at-08.18.10-768x576.webp 768w, https:\/\/cartaamazonia.com.br\/carta-maps-cop30\/wp-content\/uploads\/2025\/10\/WhatsApp-Image-2025-10-10-at-08.18.10.webp 1136w\" sizes=\"(max-width: 300px) 100vw, 300px\" \/><\/div><\/a>\n\t\t\t\t<div class=\"elementor-post__badge\">Cultura<\/div>\n\t\t\t\t<div class=\"elementor-post__text\">\n\t\t\t\t<h3 class=\"elementor-post__title\">\n\t\t\t<a href=\"https:\/\/cartaamazonia.com.br\/carta-maps-cop30\/2025\/10\/10\/cirio-2025-traslado-para-ananindeua-reune-milhares-de-devotos-nas-ruas-da-grande-belem\/\" >\n\t\t\t\tC\u00edrio 2025: Traslado para Ananindeua re\u00fane milhares de devotos nas ruas da Grande Bel\u00e9m\t\t\t<\/a>\n\t\t<\/h3>\n\t\t\t\t<div class=\"elementor-post__excerpt\">\n\t\t\t\t\t<\/div>\n\t\t\n\t\t<a class=\"elementor-post__read-more\" href=\"https:\/\/cartaamazonia.com.br\/carta-maps-cop30\/2025\/10\/10\/cirio-2025-traslado-para-ananindeua-reune-milhares-de-devotos-nas-ruas-da-grande-belem\/\" aria-label=\"Read more about C\u00edrio 2025: Traslado para Ananindeua re\u00fane milhares de devotos nas ruas da Grande Bel\u00e9m\" tabindex=\"-1\" >\n\t\t\tSaiba Mais \u00bb\t\t<\/a>\n\n\t\t\t\t<\/div>\n\t\t\t\t<div class=\"elementor-post__meta-data\">\n\t\t\t\t\t<span class=\"elementor-post-date\">\n\t\t\t10 de outubro de 2025\t\t<\/span>\n\t\t\t\t<\/div>\n\t\t\t\t\t<\/div>\n\t\t<\/article>\n\t\t\t\t<article class=\"elementor-post elementor-grid-item post-8506 post type-post status-publish format-standard has-post-thumbnail hentry category-cop30 tag-amazonia tag-belem tag-cop30 tag-governo-do-para tag-ministerio-do-turismo tag-onu tag-pontos-de-informacao-turistica-pits tag-presidente-lula\">\n\t\t\t<div class=\"elementor-post__card\">\n\t\t\t\t<a class=\"elementor-post__thumbnail__link\" href=\"https:\/\/cartaamazonia.com.br\/carta-maps-cop30\/2025\/10\/04\/belem-tera-pontos-de-informacao-turistica-do-mtur-durante-a-cop30\/\" tabindex=\"-1\" ><div class=\"elementor-post__thumbnail\"><img loading=\"lazy\" decoding=\"async\" width=\"300\" height=\"200\" src=\"https:\/\/cartaamazonia.com.br\/carta-maps-cop30\/wp-content\/uploads\/2025\/10\/20250513160503-gf00023689-f00403002-300x200.avif\" class=\"attachment-medium size-medium wp-image-8507\" alt=\"\" srcset=\"https:\/\/cartaamazonia.com.br\/carta-maps-cop30\/wp-content\/uploads\/2025\/10\/20250513160503-gf00023689-f00403002-300x200.avif 300w, https:\/\/cartaamazonia.com.br\/carta-maps-cop30\/wp-content\/uploads\/2025\/10\/20250513160503-gf00023689-f00403002-768x512.avif 768w, https:\/\/cartaamazonia.com.br\/carta-maps-cop30\/wp-content\/uploads\/2025\/10\/20250513160503-gf00023689-f00403002.avif 1008w\" sizes=\"(max-width: 300px) 100vw, 300px\" \/><\/div><\/a>\n\t\t\t\t<div class=\"elementor-post__badge\">COP30<\/div>\n\t\t\t\t<div class=\"elementor-post__text\">\n\t\t\t\t<h3 class=\"elementor-post__title\">\n\t\t\t<a href=\"https:\/\/cartaamazonia.com.br\/carta-maps-cop30\/2025\/10\/04\/belem-tera-pontos-de-informacao-turistica-do-mtur-durante-a-cop30\/\" >\n\t\t\t\tBel\u00e9m ter\u00e1 pontos de informa\u00e7\u00e3o tur\u00edstica do MTur durante a COP30\t\t\t<\/a>\n\t\t<\/h3>\n\t\t\t\t<div class=\"elementor-post__excerpt\">\n\t\t\t\t\t<\/div>\n\t\t\n\t\t<a class=\"elementor-post__read-more\" href=\"https:\/\/cartaamazonia.com.br\/carta-maps-cop30\/2025\/10\/04\/belem-tera-pontos-de-informacao-turistica-do-mtur-durante-a-cop30\/\" aria-label=\"Read more about Bel\u00e9m ter\u00e1 pontos de informa\u00e7\u00e3o tur\u00edstica do MTur durante a COP30\" tabindex=\"-1\" >\n\t\t\tSaiba Mais \u00bb\t\t<\/a>\n\n\t\t\t\t<\/div>\n\t\t\t\t<div class=\"elementor-post__meta-data\">\n\t\t\t\t\t<span class=\"elementor-post-date\">\n\t\t\t4 de outubro de 2025\t\t<\/span>\n\t\t\t\t<\/div>\n\t\t\t\t\t<\/div>\n\t\t<\/article>\n\t\t\t\t<article class=\"elementor-post elementor-grid-item post-8467 post type-post status-publish format-standard has-post-thumbnail hentry category-cop30 tag-amazonia tag-belem tag-cop30 tag-crise-de-moradia tag-ibge tag-saneamento-basico\">\n\t\t\t<div class=\"elementor-post__card\">\n\t\t\t\t<a class=\"elementor-post__thumbnail__link\" href=\"https:\/\/cartaamazonia.com.br\/carta-maps-cop30\/2025\/10\/03\/cop30-escancara-crise-de-moradia-energia-e-agua-em-belem\/\" tabindex=\"-1\" ><div class=\"elementor-post__thumbnail\"><img loading=\"lazy\" decoding=\"async\" width=\"300\" height=\"200\" src=\"https:\/\/cartaamazonia.com.br\/carta-maps-cop30\/wp-content\/uploads\/2025\/10\/xxx-300x200.jpg\" class=\"attachment-medium size-medium wp-image-8469\" alt=\"\" srcset=\"https:\/\/cartaamazonia.com.br\/carta-maps-cop30\/wp-content\/uploads\/2025\/10\/xxx-300x200.jpg 300w, https:\/\/cartaamazonia.com.br\/carta-maps-cop30\/wp-content\/uploads\/2025\/10\/xxx-1024x683.jpg 1024w, https:\/\/cartaamazonia.com.br\/carta-maps-cop30\/wp-content\/uploads\/2025\/10\/xxx-768x512.jpg 768w, https:\/\/cartaamazonia.com.br\/carta-maps-cop30\/wp-content\/uploads\/2025\/10\/xxx-1536x1024.jpg 1536w, https:\/\/cartaamazonia.com.br\/carta-maps-cop30\/wp-content\/uploads\/2025\/10\/xxx.jpg 2048w\" sizes=\"(max-width: 300px) 100vw, 300px\" \/><\/div><\/a>\n\t\t\t\t<div class=\"elementor-post__badge\">COP30<\/div>\n\t\t\t\t<div class=\"elementor-post__text\">\n\t\t\t\t<h3 class=\"elementor-post__title\">\n\t\t\t<a href=\"https:\/\/cartaamazonia.com.br\/carta-maps-cop30\/2025\/10\/03\/cop30-escancara-crise-de-moradia-energia-e-agua-em-belem\/\" >\n\t\t\t\tCOP30 escancara crise de moradia, energia e \u00e1gua em Bel\u00e9m\t\t\t<\/a>\n\t\t<\/h3>\n\t\t\t\t<div class=\"elementor-post__excerpt\">\n\t\t\t\t\t<\/div>\n\t\t\n\t\t<a class=\"elementor-post__read-more\" href=\"https:\/\/cartaamazonia.com.br\/carta-maps-cop30\/2025\/10\/03\/cop30-escancara-crise-de-moradia-energia-e-agua-em-belem\/\" aria-label=\"Read more about COP30 escancara crise de moradia, energia e \u00e1gua em Bel\u00e9m\" tabindex=\"-1\" >\n\t\t\tSaiba Mais \u00bb\t\t<\/a>\n\n\t\t\t\t<\/div>\n\t\t\t\t<div class=\"elementor-post__meta-data\">\n\t\t\t\t\t<span class=\"elementor-post-date\">\n\t\t\t3 de outubro de 2025\t\t<\/span>\n\t\t\t\t<\/div>\n\t\t\t\t\t<\/div>\n\t\t<\/article>\n\t\t\t\t<article class=\"elementor-post elementor-grid-item post-8440 post type-post status-publish format-standard has-post-thumbnail hentry category-cultura category-principal tag-amazonia tag-belem tag-carta-maps tag-cirio-de-nazare tag-cop30 tag-cultura-paraense tag-devocao tag-festa-religiosa tag-hospedagem tag-mapa-do-cirio tag-outubro tag-romaria-das-criancas tag-turismo\">\n\t\t\t<div class=\"elementor-post__card\">\n\t\t\t\t<a class=\"elementor-post__thumbnail__link\" href=\"https:\/\/cartaamazonia.com.br\/carta-maps-cop30\/2025\/10\/02\/mapa-dos-roteiros-do-cirio-conheca-os-percursos-do-maior-evento-de-fe-do-brasil\/\" tabindex=\"-1\" ><div class=\"elementor-post__thumbnail\"><img loading=\"lazy\" decoding=\"async\" width=\"300\" height=\"188\" src=\"https:\/\/cartaamazonia.com.br\/carta-maps-cop30\/wp-content\/uploads\/2025\/10\/ago-300x188.webp\" class=\"attachment-medium size-medium wp-image-8441\" alt=\"\" srcset=\"https:\/\/cartaamazonia.com.br\/carta-maps-cop30\/wp-content\/uploads\/2025\/10\/ago-300x188.webp 300w, https:\/\/cartaamazonia.com.br\/carta-maps-cop30\/wp-content\/uploads\/2025\/10\/ago-768x482.webp 768w, https:\/\/cartaamazonia.com.br\/carta-maps-cop30\/wp-content\/uploads\/2025\/10\/ago.webp 984w\" sizes=\"(max-width: 300px) 100vw, 300px\" \/><\/div><\/a>\n\t\t\t\t<div class=\"elementor-post__badge\">Cultura<\/div>\n\t\t\t\t<div class=\"elementor-post__text\">\n\t\t\t\t<h3 class=\"elementor-post__title\">\n\t\t\t<a href=\"https:\/\/cartaamazonia.com.br\/carta-maps-cop30\/2025\/10\/02\/mapa-dos-roteiros-do-cirio-conheca-os-percursos-do-maior-evento-de-fe-do-brasil\/\" >\n\t\t\t\tMapa dos roteiros do C\u00edrio: conhe\u00e7a os percursos do maior evento de f\u00e9 do Brasil\t\t\t<\/a>\n\t\t<\/h3>\n\t\t\t\t<div class=\"elementor-post__excerpt\">\n\t\t\t\t\t<\/div>\n\t\t\n\t\t<a class=\"elementor-post__read-more\" href=\"https:\/\/cartaamazonia.com.br\/carta-maps-cop30\/2025\/10\/02\/mapa-dos-roteiros-do-cirio-conheca-os-percursos-do-maior-evento-de-fe-do-brasil\/\" aria-label=\"Read more about Mapa dos roteiros do C\u00edrio: conhe\u00e7a os percursos do maior evento de f\u00e9 do Brasil\" tabindex=\"-1\" >\n\t\t\tSaiba Mais \u00bb\t\t<\/a>\n\n\t\t\t\t<\/div>\n\t\t\t\t<div class=\"elementor-post__meta-data\">\n\t\t\t\t\t<span class=\"elementor-post-date\">\n\t\t\t2 de outubro de 2025\t\t<\/span>\n\t\t\t\t<\/div>\n\t\t\t\t\t<\/div>\n\t\t<\/article>\n\t\t\t\t<article class=\"elementor-post elementor-grid-item post-8435 post type-post status-publish format-standard has-post-thumbnail hentry category-cop30 tag-acordo-de-paris tag-belem tag-cop30 tag-eua tag-governo-federal tag-meta-climatica tag-onu tag-presidente-lula\">\n\t\t\t<div class=\"elementor-post__card\">\n\t\t\t\t<a class=\"elementor-post__thumbnail__link\" href=\"https:\/\/cartaamazonia.com.br\/carta-maps-cop30\/2025\/10\/02\/mais-de-100-paises-apresentam-novos-planos-climaticos-antes-da-cop30-em-belem\/\" tabindex=\"-1\" ><div class=\"elementor-post__thumbnail\"><img loading=\"lazy\" decoding=\"async\" width=\"300\" height=\"200\" src=\"https:\/\/cartaamazonia.com.br\/carta-maps-cop30\/wp-content\/uploads\/2025\/10\/54013548248_411ec707fa_c-300x200.jpg\" class=\"attachment-medium size-medium wp-image-8436\" alt=\"\" srcset=\"https:\/\/cartaamazonia.com.br\/carta-maps-cop30\/wp-content\/uploads\/2025\/10\/54013548248_411ec707fa_c-300x200.jpg 300w, https:\/\/cartaamazonia.com.br\/carta-maps-cop30\/wp-content\/uploads\/2025\/10\/54013548248_411ec707fa_c-768x512.jpg 768w, https:\/\/cartaamazonia.com.br\/carta-maps-cop30\/wp-content\/uploads\/2025\/10\/54013548248_411ec707fa_c.jpg 799w\" sizes=\"(max-width: 300px) 100vw, 300px\" \/><\/div><\/a>\n\t\t\t\t<div class=\"elementor-post__badge\">COP30<\/div>\n\t\t\t\t<div class=\"elementor-post__text\">\n\t\t\t\t<h3 class=\"elementor-post__title\">\n\t\t\t<a href=\"https:\/\/cartaamazonia.com.br\/carta-maps-cop30\/2025\/10\/02\/mais-de-100-paises-apresentam-novos-planos-climaticos-antes-da-cop30-em-belem\/\" >\n\t\t\t\tMais de 100 pa\u00edses apresentam novos planos clim\u00e1ticos antes da COP30 em Bel\u00e9m\t\t\t<\/a>\n\t\t<\/h3>\n\t\t\t\t<div class=\"elementor-post__excerpt\">\n\t\t\t\t\t<\/div>\n\t\t\n\t\t<a class=\"elementor-post__read-more\" href=\"https:\/\/cartaamazonia.com.br\/carta-maps-cop30\/2025\/10\/02\/mais-de-100-paises-apresentam-novos-planos-climaticos-antes-da-cop30-em-belem\/\" aria-label=\"Read more about Mais de 100 pa\u00edses apresentam novos planos clim\u00e1ticos antes da COP30 em Bel\u00e9m\" tabindex=\"-1\" >\n\t\t\tSaiba Mais \u00bb\t\t<\/a>\n\n\t\t\t\t<\/div>\n\t\t\t\t<div class=\"elementor-post__meta-data\">\n\t\t\t\t\t<span class=\"elementor-post-date\">\n\t\t\t2 de outubro de 2025\t\t<\/span>\n\t\t\t\t<\/div>\n\t\t\t\t\t<\/div>\n\t\t<\/article>\n\t\t\t\t<article class=\"elementor-post elementor-grid-item post-8426 post type-post status-publish format-standard has-post-thumbnail hentry category-cop30 tag-amazonia tag-belem tag-cop30 tag-ecofeminismo tag-mudancas-climaticas tag-muheres tag-onu tag-povos-indigenas tag-quilombolas tag-umiab tag-uniao-das-mulheres-indigenas-da-amazonia\">\n\t\t\t<div class=\"elementor-post__card\">\n\t\t\t\t<a class=\"elementor-post__thumbnail__link\" href=\"https:\/\/cartaamazonia.com.br\/carta-maps-cop30\/2025\/09\/27\/mulheres-da-amazonia-cobram-espaco-nas-negociacoes-da-cop30\/\" tabindex=\"-1\" ><div class=\"elementor-post__thumbnail\"><img loading=\"lazy\" decoding=\"async\" width=\"300\" height=\"200\" src=\"https:\/\/cartaamazonia.com.br\/carta-maps-cop30\/wp-content\/uploads\/2025\/09\/Marinete-Tukano-Foto-Shirley-Bare-980x653-1-300x200.jpg\" class=\"attachment-medium size-medium wp-image-8427\" alt=\"\" srcset=\"https:\/\/cartaamazonia.com.br\/carta-maps-cop30\/wp-content\/uploads\/2025\/09\/Marinete-Tukano-Foto-Shirley-Bare-980x653-1-300x200.jpg 300w, https:\/\/cartaamazonia.com.br\/carta-maps-cop30\/wp-content\/uploads\/2025\/09\/Marinete-Tukano-Foto-Shirley-Bare-980x653-1-768x512.jpg 768w, https:\/\/cartaamazonia.com.br\/carta-maps-cop30\/wp-content\/uploads\/2025\/09\/Marinete-Tukano-Foto-Shirley-Bare-980x653-1.jpg 980w\" sizes=\"(max-width: 300px) 100vw, 300px\" \/><\/div><\/a>\n\t\t\t\t<div class=\"elementor-post__badge\">COP30<\/div>\n\t\t\t\t<div class=\"elementor-post__text\">\n\t\t\t\t<h3 class=\"elementor-post__title\">\n\t\t\t<a href=\"https:\/\/cartaamazonia.com.br\/carta-maps-cop30\/2025\/09\/27\/mulheres-da-amazonia-cobram-espaco-nas-negociacoes-da-cop30\/\" >\n\t\t\t\tMulheres da Amaz\u00f4nia cobram espa\u00e7o nas negocia\u00e7\u00f5es da COP30\t\t\t<\/a>\n\t\t<\/h3>\n\t\t\t\t<div class=\"elementor-post__excerpt\">\n\t\t\t\t\t<\/div>\n\t\t\n\t\t<a class=\"elementor-post__read-more\" href=\"https:\/\/cartaamazonia.com.br\/carta-maps-cop30\/2025\/09\/27\/mulheres-da-amazonia-cobram-espaco-nas-negociacoes-da-cop30\/\" aria-label=\"Read more about Mulheres da Amaz\u00f4nia cobram espa\u00e7o nas negocia\u00e7\u00f5es da COP30\" tabindex=\"-1\" >\n\t\t\tSaiba Mais \u00bb\t\t<\/a>\n\n\t\t\t\t<\/div>\n\t\t\t\t<div class=\"elementor-post__meta-data\">\n\t\t\t\t\t<span class=\"elementor-post-date\">\n\t\t\t27 de setembro de 2025\t\t<\/span>\n\t\t\t\t<\/div>\n\t\t\t\t\t<\/div>\n\t\t<\/article>\n\t\t\t\t<article class=\"elementor-post elementor-grid-item post-8416 post type-post status-publish format-standard has-post-thumbnail hentry category-cop30 tag-amazonia tag-belem tag-canal-do-tucunduba tag-carta-maps tag-cop30 tag-hospedagem tag-mulheres tag-onu\">\n\t\t\t<div class=\"elementor-post__card\">\n\t\t\t\t<a class=\"elementor-post__thumbnail__link\" href=\"https:\/\/cartaamazonia.com.br\/carta-maps-cop30\/2025\/09\/27\/mulheres-na-linha-de-frente-e-as-margens-da-cop30\/\" tabindex=\"-1\" ><div class=\"elementor-post__thumbnail\"><img loading=\"lazy\" decoding=\"async\" width=\"300\" height=\"176\" src=\"https:\/\/cartaamazonia.com.br\/carta-maps-cop30\/wp-content\/uploads\/2025\/09\/CAPA-4KK-1-300x176.png\" class=\"attachment-medium size-medium wp-image-8417\" alt=\"\" srcset=\"https:\/\/cartaamazonia.com.br\/carta-maps-cop30\/wp-content\/uploads\/2025\/09\/CAPA-4KK-1-300x176.png 300w, https:\/\/cartaamazonia.com.br\/carta-maps-cop30\/wp-content\/uploads\/2025\/09\/CAPA-4KK-1-768x452.png 768w, https:\/\/cartaamazonia.com.br\/carta-maps-cop30\/wp-content\/uploads\/2025\/09\/CAPA-4KK-1.png 988w\" sizes=\"(max-width: 300px) 100vw, 300px\" \/><\/div><\/a>\n\t\t\t\t<div class=\"elementor-post__badge\">COP30<\/div>\n\t\t\t\t<div class=\"elementor-post__text\">\n\t\t\t\t<h3 class=\"elementor-post__title\">\n\t\t\t<a href=\"https:\/\/cartaamazonia.com.br\/carta-maps-cop30\/2025\/09\/27\/mulheres-na-linha-de-frente-e-as-margens-da-cop30\/\" >\n\t\t\t\tMulheres na linha de frente e \u00e0s margens da COP30\t\t\t<\/a>\n\t\t<\/h3>\n\t\t\t\t<div class=\"elementor-post__excerpt\">\n\t\t\t\t\t<\/div>\n\t\t\n\t\t<a class=\"elementor-post__read-more\" href=\"https:\/\/cartaamazonia.com.br\/carta-maps-cop30\/2025\/09\/27\/mulheres-na-linha-de-frente-e-as-margens-da-cop30\/\" aria-label=\"Read more about Mulheres na linha de frente e \u00e0s margens da COP30\" tabindex=\"-1\" >\n\t\t\tSaiba Mais \u00bb\t\t<\/a>\n\n\t\t\t\t<\/div>\n\t\t\t\t<div class=\"elementor-post__meta-data\">\n\t\t\t\t\t<span class=\"elementor-post-date\">\n\t\t\t27 de setembro de 2025\t\t<\/span>\n\t\t\t\t<\/div>\n\t\t\t\t\t<\/div>\n\t\t<\/article>\n\t\t\t\t<article class=\"elementor-post elementor-grid-item post-8409 post type-post status-publish format-standard has-post-thumbnail hentry category-cop30 tag-amazonia tag-belem tag-bnetwork tag-carta-maps tag-cop30 tag-geojornalismo tag-helder-barbalho tag-onu tag-presidencia-da-cop30\">\n\t\t\t<div class=\"elementor-post__card\">\n\t\t\t\t<a class=\"elementor-post__thumbnail__link\" href=\"https:\/\/cartaamazonia.com.br\/carta-maps-cop30\/2025\/09\/17\/presidencia-da-cop30-e-governo-do-para-divergem-sobre-numero-de-paises-confirmados-para-a-conferencia-do-clima-em-belem\/\" tabindex=\"-1\" ><div class=\"elementor-post__thumbnail\"><img loading=\"lazy\" decoding=\"async\" width=\"300\" height=\"200\" src=\"https:\/\/cartaamazonia.com.br\/carta-maps-cop30\/wp-content\/uploads\/2025\/09\/20250909154129-GC00070499-F00260693E-300x200.webp\" class=\"attachment-medium size-medium wp-image-8410\" alt=\"\" srcset=\"https:\/\/cartaamazonia.com.br\/carta-maps-cop30\/wp-content\/uploads\/2025\/09\/20250909154129-GC00070499-F00260693E-300x200.webp 300w, https:\/\/cartaamazonia.com.br\/carta-maps-cop30\/wp-content\/uploads\/2025\/09\/20250909154129-GC00070499-F00260693E-768x512.webp 768w, https:\/\/cartaamazonia.com.br\/carta-maps-cop30\/wp-content\/uploads\/2025\/09\/20250909154129-GC00070499-F00260693E.webp 860w\" sizes=\"(max-width: 300px) 100vw, 300px\" \/><\/div><\/a>\n\t\t\t\t<div class=\"elementor-post__badge\">COP30<\/div>\n\t\t\t\t<div class=\"elementor-post__text\">\n\t\t\t\t<h3 class=\"elementor-post__title\">\n\t\t\t<a href=\"https:\/\/cartaamazonia.com.br\/carta-maps-cop30\/2025\/09\/17\/presidencia-da-cop30-e-governo-do-para-divergem-sobre-numero-de-paises-confirmados-para-a-conferencia-do-clima-em-belem\/\" >\n\t\t\t\tPresid\u00eancia da COP30 e Governo do Par\u00e1 divergem sobre n\u00famero de pa\u00edses confirmados para a Confer\u00eancia do Clima, em Bel\u00e9m\t\t\t<\/a>\n\t\t<\/h3>\n\t\t\t\t<div class=\"elementor-post__excerpt\">\n\t\t\t\t\t<\/div>\n\t\t\n\t\t<a class=\"elementor-post__read-more\" href=\"https:\/\/cartaamazonia.com.br\/carta-maps-cop30\/2025\/09\/17\/presidencia-da-cop30-e-governo-do-para-divergem-sobre-numero-de-paises-confirmados-para-a-conferencia-do-clima-em-belem\/\" aria-label=\"Read more about Presid\u00eancia da COP30 e Governo do Par\u00e1 divergem sobre n\u00famero de pa\u00edses confirmados para a Confer\u00eancia do Clima, em Bel\u00e9m\" tabindex=\"-1\" >\n\t\t\tSaiba Mais \u00bb\t\t<\/a>\n\n\t\t\t\t<\/div>\n\t\t\t\t<div class=\"elementor-post__meta-data\">\n\t\t\t\t\t<span class=\"elementor-post-date\">\n\t\t\t17 de setembro de 2025\t\t<\/span>\n\t\t\t\t<\/div>\n\t\t\t\t\t<\/div>\n\t\t<\/article>\n\t\t\t\t<article class=\"elementor-post elementor-grid-item post-8404 post type-post status-publish format-standard has-post-thumbnail hentry category-cop30 tag-amazonia tag-belem tag-cop30 tag-hospedagem tag-igreja-batista-missionaria-da-amazonia tag-igreja-catolica\">\n\t\t\t<div class=\"elementor-post__card\">\n\t\t\t\t<a class=\"elementor-post__thumbnail__link\" href=\"https:\/\/cartaamazonia.com.br\/carta-maps-cop30\/2025\/09\/14\/igrejas-de-belem-lancam-plataforma-solidaria-de-hospedagem-para-a-cop30\/\" tabindex=\"-1\" ><div class=\"elementor-post__thumbnail\"><img loading=\"lazy\" decoding=\"async\" width=\"300\" height=\"173\" src=\"https:\/\/cartaamazonia.com.br\/carta-maps-cop30\/wp-content\/uploads\/2025\/09\/foto-divulgacao-Igreja-Batista-Missionaria-da-Amazonia-300x173.jpg\" class=\"attachment-medium size-medium wp-image-8405\" alt=\"\" srcset=\"https:\/\/cartaamazonia.com.br\/carta-maps-cop30\/wp-content\/uploads\/2025\/09\/foto-divulgacao-Igreja-Batista-Missionaria-da-Amazonia-300x173.jpg 300w, https:\/\/cartaamazonia.com.br\/carta-maps-cop30\/wp-content\/uploads\/2025\/09\/foto-divulgacao-Igreja-Batista-Missionaria-da-Amazonia-768x443.jpg 768w, https:\/\/cartaamazonia.com.br\/carta-maps-cop30\/wp-content\/uploads\/2025\/09\/foto-divulgacao-Igreja-Batista-Missionaria-da-Amazonia.jpg 900w\" sizes=\"(max-width: 300px) 100vw, 300px\" \/><\/div><\/a>\n\t\t\t\t<div class=\"elementor-post__badge\">COP30<\/div>\n\t\t\t\t<div class=\"elementor-post__text\">\n\t\t\t\t<h3 class=\"elementor-post__title\">\n\t\t\t<a href=\"https:\/\/cartaamazonia.com.br\/carta-maps-cop30\/2025\/09\/14\/igrejas-de-belem-lancam-plataforma-solidaria-de-hospedagem-para-a-cop30\/\" >\n\t\t\t\tIgrejas de Bel\u00e9m lan\u00e7am plataforma solid\u00e1ria de hospedagem para a COP30\t\t\t<\/a>\n\t\t<\/h3>\n\t\t\t\t<div class=\"elementor-post__excerpt\">\n\t\t\t\t\t<\/div>\n\t\t\n\t\t<a class=\"elementor-post__read-more\" href=\"https:\/\/cartaamazonia.com.br\/carta-maps-cop30\/2025\/09\/14\/igrejas-de-belem-lancam-plataforma-solidaria-de-hospedagem-para-a-cop30\/\" aria-label=\"Read more about Igrejas de Bel\u00e9m lan\u00e7am plataforma solid\u00e1ria de hospedagem para a COP30\" tabindex=\"-1\" >\n\t\t\tSaiba Mais \u00bb\t\t<\/a>\n\n\t\t\t\t<\/div>\n\t\t\t\t<div class=\"elementor-post__meta-data\">\n\t\t\t\t\t<span class=\"elementor-post-date\">\n\t\t\t14 de setembro de 2025\t\t<\/span>\n\t\t\t\t<\/div>\n\t\t\t\t\t<\/div>\n\t\t<\/article>\n\t\t\t\t<article class=\"elementor-post elementor-grid-item post-8377 post type-post status-publish format-standard has-post-thumbnail hentry category-cop30 category-meio-ambiente tag-belem tag-cop30 tag-hospedagem tag-onu\">\n\t\t\t<div class=\"elementor-post__card\">\n\t\t\t\t<a class=\"elementor-post__thumbnail__link\" href=\"https:\/\/cartaamazonia.com.br\/carta-maps-cop30\/2025\/09\/12\/cop30-onu-pede-reducao-das-delegacoes-diante-da-crise-de-hospedagem-em-belem\/\" tabindex=\"-1\" ><div class=\"elementor-post__thumbnail\"><img loading=\"lazy\" decoding=\"async\" width=\"300\" height=\"200\" src=\"https:\/\/cartaamazonia.com.br\/carta-maps-cop30\/wp-content\/uploads\/2025\/09\/22557_366815ff-1a27-782c-292f-6c4a42614690-300x200.jpg\" class=\"attachment-medium size-medium wp-image-8378\" alt=\"\" srcset=\"https:\/\/cartaamazonia.com.br\/carta-maps-cop30\/wp-content\/uploads\/2025\/09\/22557_366815ff-1a27-782c-292f-6c4a42614690-300x200.jpg 300w, https:\/\/cartaamazonia.com.br\/carta-maps-cop30\/wp-content\/uploads\/2025\/09\/22557_366815ff-1a27-782c-292f-6c4a42614690-768x512.jpg 768w, https:\/\/cartaamazonia.com.br\/carta-maps-cop30\/wp-content\/uploads\/2025\/09\/22557_366815ff-1a27-782c-292f-6c4a42614690.jpg 800w\" sizes=\"(max-width: 300px) 100vw, 300px\" \/><\/div><\/a>\n\t\t\t\t<div class=\"elementor-post__badge\">COP30<\/div>\n\t\t\t\t<div class=\"elementor-post__text\">\n\t\t\t\t<h3 class=\"elementor-post__title\">\n\t\t\t<a href=\"https:\/\/cartaamazonia.com.br\/carta-maps-cop30\/2025\/09\/12\/cop30-onu-pede-reducao-das-delegacoes-diante-da-crise-de-hospedagem-em-belem\/\" >\n\t\t\t\tCOP30: ONU pede redu\u00e7\u00e3o das delega\u00e7\u00f5es diante da crise de hospedagem em Bel\u00e9m\t\t\t<\/a>\n\t\t<\/h3>\n\t\t\t\t<div class=\"elementor-post__excerpt\">\n\t\t\t\t\t<\/div>\n\t\t\n\t\t<a class=\"elementor-post__read-more\" href=\"https:\/\/cartaamazonia.com.br\/carta-maps-cop30\/2025\/09\/12\/cop30-onu-pede-reducao-das-delegacoes-diante-da-crise-de-hospedagem-em-belem\/\" aria-label=\"Read more about COP30: ONU pede redu\u00e7\u00e3o das delega\u00e7\u00f5es diante da crise de hospedagem em Bel\u00e9m\" tabindex=\"-1\" >\n\t\t\tSaiba Mais \u00bb\t\t<\/a>\n\n\t\t\t\t<\/div>\n\t\t\t\t<div class=\"elementor-post__meta-data\">\n\t\t\t\t\t<span class=\"elementor-post-date\">\n\t\t\t12 de setembro de 2025\t\t<\/span>\n\t\t\t\t<\/div>\n\t\t\t\t\t<\/div>\n\t\t<\/article>\n\t\t\t\t<article class=\"elementor-post elementor-grid-item post-8327 post type-post status-publish format-standard has-post-thumbnail hentry category-cop30 category-principal tag-amazonia tag-arte tag-belem tag-carta-maps tag-cop30 tag-cultura tag-geojornalismo tag-projeto-circular\">\n\t\t\t<div class=\"elementor-post__card\">\n\t\t\t\t<a class=\"elementor-post__thumbnail__link\" href=\"https:\/\/cartaamazonia.com.br\/carta-maps-cop30\/2025\/09\/10\/mapa-dos-espacos-culturais-de-belem-um-guia-do-que-fazer-durante-a-cop30\/\" tabindex=\"-1\" ><div class=\"elementor-post__thumbnail\"><img loading=\"lazy\" decoding=\"async\" width=\"300\" height=\"203\" src=\"https:\/\/cartaamazonia.com.br\/carta-maps-cop30\/wp-content\/uploads\/2025\/09\/4Mapa-do-circuito-cultural-COP30-Belem-2025_Creditos-AntonioLaranjeira2-300x203.jpg\" class=\"attachment-medium size-medium wp-image-8336\" alt=\"\" srcset=\"https:\/\/cartaamazonia.com.br\/carta-maps-cop30\/wp-content\/uploads\/2025\/09\/4Mapa-do-circuito-cultural-COP30-Belem-2025_Creditos-AntonioLaranjeira2-300x203.jpg 300w, https:\/\/cartaamazonia.com.br\/carta-maps-cop30\/wp-content\/uploads\/2025\/09\/4Mapa-do-circuito-cultural-COP30-Belem-2025_Creditos-AntonioLaranjeira2-768x519.jpg 768w, https:\/\/cartaamazonia.com.br\/carta-maps-cop30\/wp-content\/uploads\/2025\/09\/4Mapa-do-circuito-cultural-COP30-Belem-2025_Creditos-AntonioLaranjeira2.jpg 933w\" sizes=\"(max-width: 300px) 100vw, 300px\" \/><\/div><\/a>\n\t\t\t\t<div class=\"elementor-post__badge\">COP30<\/div>\n\t\t\t\t<div class=\"elementor-post__text\">\n\t\t\t\t<h3 class=\"elementor-post__title\">\n\t\t\t<a href=\"https:\/\/cartaamazonia.com.br\/carta-maps-cop30\/2025\/09\/10\/mapa-dos-espacos-culturais-de-belem-um-guia-do-que-fazer-durante-a-cop30\/\" >\n\t\t\t\tMapa dos espa\u00e7os culturais de Bel\u00e9m: um guia do que fazer durante a COP30\t\t\t<\/a>\n\t\t<\/h3>\n\t\t\t\t<div class=\"elementor-post__excerpt\">\n\t\t\t\t\t<\/div>\n\t\t\n\t\t<a class=\"elementor-post__read-more\" href=\"https:\/\/cartaamazonia.com.br\/carta-maps-cop30\/2025\/09\/10\/mapa-dos-espacos-culturais-de-belem-um-guia-do-que-fazer-durante-a-cop30\/\" aria-label=\"Read more about Mapa dos espa\u00e7os culturais de Bel\u00e9m: um guia do que fazer durante a COP30\" tabindex=\"-1\" >\n\t\t\tSaiba Mais \u00bb\t\t<\/a>\n\n\t\t\t\t<\/div>\n\t\t\t\t<div class=\"elementor-post__meta-data\">\n\t\t\t\t\t<span class=\"elementor-post-date\">\n\t\t\t10 de setembro de 2025\t\t<\/span>\n\t\t\t\t<\/div>\n\t\t\t\t\t<\/div>\n\t\t<\/article>\n\t\t\t\t<article class=\"elementor-post elementor-grid-item post-8232 post type-post status-publish format-standard has-post-thumbnail hentry category-cop30 category-principal tag-acai-com-peixe tag-amazonia tag-belem tag-carta-amazonia-2 tag-carta-maps tag-cidade-das-mangueiras tag-comida tag-cop30 tag-cozinha-paraense tag-culinaria tag-culinaria-paraense tag-farinha-de-braganca tag-gastrono tag-gastronomia tag-geojornalismo tag-manicoba tag-papa-xibe tag-restaurante tag-tacaca tag-ver-o-peso\">\n\t\t\t<div class=\"elementor-post__card\">\n\t\t\t\t<a class=\"elementor-post__thumbnail__link\" href=\"https:\/\/cartaamazonia.com.br\/carta-maps-cop30\/2025\/09\/09\/mapa-da-gastronomia-de-belem-onde-comer-bem-na-cop30-da-rua-aos-restaurantes\/\" tabindex=\"-1\" ><div class=\"elementor-post__thumbnail\"><img loading=\"lazy\" decoding=\"async\" width=\"300\" height=\"226\" src=\"https:\/\/cartaamazonia.com.br\/carta-maps-cop30\/wp-content\/uploads\/2025\/09\/2Mapa-da-Gastronomia-COP30-Belem-2025_Creditos-AntonioLaranjeira-2-300x226.jpg\" class=\"attachment-medium size-medium wp-image-8337\" alt=\"\" srcset=\"https:\/\/cartaamazonia.com.br\/carta-maps-cop30\/wp-content\/uploads\/2025\/09\/2Mapa-da-Gastronomia-COP30-Belem-2025_Creditos-AntonioLaranjeira-2-300x226.jpg 300w, https:\/\/cartaamazonia.com.br\/carta-maps-cop30\/wp-content\/uploads\/2025\/09\/2Mapa-da-Gastronomia-COP30-Belem-2025_Creditos-AntonioLaranjeira-2-768x579.jpg 768w, https:\/\/cartaamazonia.com.br\/carta-maps-cop30\/wp-content\/uploads\/2025\/09\/2Mapa-da-Gastronomia-COP30-Belem-2025_Creditos-AntonioLaranjeira-2.jpg 932w\" sizes=\"(max-width: 300px) 100vw, 300px\" \/><\/div><\/a>\n\t\t\t\t<div class=\"elementor-post__badge\">COP30<\/div>\n\t\t\t\t<div class=\"elementor-post__text\">\n\t\t\t\t<h3 class=\"elementor-post__title\">\n\t\t\t<a href=\"https:\/\/cartaamazonia.com.br\/carta-maps-cop30\/2025\/09\/09\/mapa-da-gastronomia-de-belem-onde-comer-bem-na-cop30-da-rua-aos-restaurantes\/\" >\n\t\t\t\tMapa da gastronomia de Bel\u00e9m: onde comer bem na COP30, da rua aos restaurantes\t\t\t<\/a>\n\t\t<\/h3>\n\t\t\t\t<div class=\"elementor-post__excerpt\">\n\t\t\t\t\t<\/div>\n\t\t\n\t\t<a class=\"elementor-post__read-more\" href=\"https:\/\/cartaamazonia.com.br\/carta-maps-cop30\/2025\/09\/09\/mapa-da-gastronomia-de-belem-onde-comer-bem-na-cop30-da-rua-aos-restaurantes\/\" aria-label=\"Read more about Mapa da gastronomia de Bel\u00e9m: onde comer bem na COP30, da rua aos restaurantes\" tabindex=\"-1\" >\n\t\t\tSaiba Mais \u00bb\t\t<\/a>\n\n\t\t\t\t<\/div>\n\t\t\t\t<div class=\"elementor-post__meta-data\">\n\t\t\t\t\t<span class=\"elementor-post-date\">\n\t\t\t9 de setembro de 2025\t\t<\/span>\n\t\t\t\t<\/div>\n\t\t\t\t\t<\/div>\n\t\t<\/article>\n\t\t\t\t<\/div>\n\t\t\t\t\t<span class=\"e-load-more-spinner\">\n\t\t\t\t<svg aria-hidden=\"true\" class=\"e-font-icon-svg e-fas-spinner\" viewBox=\"0 0 512 512\" xmlns=\"http:\/\/www.w3.org\/2000\/svg\"><path d=\"M304 48c0 26.51-21.49 48-48 48s-48-21.49-48-48 21.49-48 48-48 48 21.49 48 48zm-48 368c-26.51 0-48 21.49-48 48s21.49 48 48 48 48-21.49 48-48-21.49-48-48-48zm208-208c-26.51 0-48 21.49-48 48s21.49 48 48 48 48-21.49 48-48-21.49-48-48-48zM96 256c0-26.51-21.49-48-48-48S0 229.49 0 256s21.49 48 48 48 48-21.49 48-48zm12.922 99.078c-26.51 0-48 21.49-48 48s21.49 48 48 48 48-21.49 48-48c0-26.509-21.491-48-48-48zm294.156 0c-26.51 0-48 21.49-48 48s21.49 48 48 48 48-21.49 48-48c0-26.509-21.49-48-48-48zM108.922 60.922c-26.51 0-48 21.49-48 48s21.49 48 48 48 48-21.49 48-48-21.491-48-48-48z\"><\/path><\/svg>\t\t\t<\/span>\n\t\t\n\t\t\t\t<div class=\"e-load-more-anchor\" data-page=\"1\" data-max-page=\"2\" data-next-page=\"https:\/\/cartaamazonia.com.br\/carta-maps-cop30\/wp-json\/wp\/v2\/pages\/7654\/page\/2\/\"><\/div>\n\t\t\t\t<div class=\"e-load-more-message\"><\/div>\n\t\t\t\t\t\t<\/div>\n\t\t\t\t<\/div>\n\t\t\t\t\t<\/div>\n\t\t\t\t<\/div>\n\t\t\t\t<\/div>\n\t\t","protected":false},"excerpt":{"rendered":"<p>NOT\u00cdCIAS<\/p>\n","protected":false},"author":1,"featured_media":0,"parent":0,"menu_order":0,"comment_status":"closed","ping_status":"closed","template":"","meta":{"footnotes":""},"class_list":["post-7654","page","type-page","status-publish","hentry"],"_links":{"self":[{"href":"https:\/\/cartaamazonia.com.br\/carta-maps-cop30\/wp-json\/wp\/v2\/pages\/7654","targetHints":{"allow":["GET"]}}],"collection":[{"href":"https:\/\/cartaamazonia.com.br\/carta-maps-cop30\/wp-json\/wp\/v2\/pages"}],"about":[{"href":"https:\/\/cartaamazonia.com.br\/carta-maps-cop30\/wp-json\/wp\/v2\/types\/page"}],"author":[{"embeddable":true,"href":"https:\/\/cartaamazonia.com.br\/carta-maps-cop30\/wp-json\/wp\/v2\/users\/1"}],"replies":[{"embeddable":true,"href":"https:\/\/cartaamazonia.com.br\/carta-maps-cop30\/wp-json\/wp\/v2\/comments?post=7654"}],"version-history":[{"count":37,"href":"https:\/\/cartaamazonia.com.br\/carta-maps-cop30\/wp-json\/wp\/v2\/pages\/7654\/revisions"}],"predecessor-version":[{"id":8129,"href":"https:\/\/cartaamazonia.com.br\/carta-maps-cop30\/wp-json\/wp\/v2\/pages\/7654\/revisions\/8129"}],"wp:attachment":[{"href":"https:\/\/cartaamazonia.com.br\/carta-maps-cop30\/wp-json\/wp\/v2\/media?parent=7654"}],"curies":[{"name":"wp","href":"https:\/\/api.w.org\/{rel}","templated":true}]}}